{"id":2972,"date":"2019-09-16T09:04:18","date_gmt":"2019-09-16T09:04:18","guid":{"rendered":"http:\/\/192.168.0.110\/songbad\/?page_id=2972"},"modified":"2026-09-03T06:55:51","modified_gmt":"2026-09-03T12:55:51","slug":"home-three","status":"publish","type":"page","link":"https:\/\/elotroenfoque.mx\/","title":{"rendered":"Home"},"content":{"rendered":"<div class=\"wpb-content-wrapper\"><p>[vc_row full_width=&#8221;stretch_row&#8221; css=&#8221;.vc_custom_1574248423023{padding-top: 0px !important;padding-bottom: 20px !important;}&#8221; el_class=&#8221;home3-top ipad-fullwidth&#8221;][vc_column css=&#8221;.vc_custom_1781281859831{padding-right: 2px !important;padding-left: 2px !important;}&#8221; el_class=&#8221;ipadc-plr15 ipadc-pt0&#8243; offset=&#8221;vc_hidden-sm vc_hidden-xs&#8221;][vc_raw_html css=&#8221;.vc_custom_1781281922871{padding-bottom: 15px !important;background-color: #F7F7F7 !important;border-radius: 15px !important;}&#8221;]JTNDJTIxLS0lMjAlMkYyMjg2NjUzMzkxMCUyRmhvbWUtOTcweDI1MCUyMC0tJTNFJTBBJTNDcCUyMHN0eWxlJTNEJTIydGV4dC1hbGlnbiUzQSUyMGNlbnRlciUzQiUyMGNvbG9yJTNBJTIwJTIzMmYyZjJmJTIwJTIxaW1wb3J0YW50JTNCJTIwZm9udC1zaXplJTNBJTIwOXB4JTNCJTIyJTNFUFVCTElDSURBRCUzQyUyRnAlM0UlMEElM0NkaXYlMjBzdHlsZSUzRCUyMmRpc3BsYXklM0FmbGV4JTNCJTIwanVzdGlmeS1jb250ZW50JTNBY2VudGVyJTNCJTIyJTNFJTBBJTIwJTIwJTIwJTIwJTNDZGl2JTIwaWQlM0QlMjdkaXYtZ3B0LWFkLTE3NTEzOTU0ODU1NjQtMCUyNyUyMHN0eWxlJTNEJTI3bWluLXdpZHRoJTNBJTIwOTcwcHglM0IlMjBtaW4taGVpZ2h0JTNBJTIwOTBweCUzQiUyNyUzRSUwQSUyMCUyMCUzQ3NjcmlwdCUzRSUwQSUyMCUyMCUyMCUyMGdvb2dsZXRhZy5jbWQucHVzaCUyOGZ1bmN0aW9uJTI4JTI5JTIwJTdCJTIwZ29vZ2xldGFnLmRpc3BsYXklMjglMjdkaXYtZ3B0LWFkLTE3NTEzOTU0ODU1NjQtMCUyNyUyOSUzQiUyMCU3RCUyOSUzQiUwQSUyMCUyMCUzQyUyRnNjcmlwdCUzRSUwQSUzQyUyRmRpdiUzRSUzQyUyRmRpdiUzRQ==[\/vc_raw_html][\/vc_column][\/vc_row][vc_row][vc_column offset=&#8221;vc_hidden-lg vc_hidden-md vc_hidden-sm&#8221;][vc_raw_html css=&#8221;.vc_custom_1781297293283{background-color: #F7F7F7 !important;border-radius: 15px !important;}&#8221;]JTNDcCUyMHN0eWxlJTNEJTIydGV4dC1hbGlnbiUzQSUyMGNlbnRlciUzQiUyMGNvbG9yJTNBJTIwJTIzMmYyZjJmJTIwJTIxaW1wb3J0YW50JTNCJTIwZm9udC1zaXplJTNBJTIwOXB4JTNCJTIyJTNFUFVCTElDSURBRCUzQyUyRnAlM0UlMEElM0NkaXYlMjBzdHlsZSUzRCUyMmRpc3BsYXklM0FmbGV4JTNCJTIwanVzdGlmeS1jb250ZW50JTNBY2VudGVyJTNCJTIyJTNFJTBBJTNDJTIxLS0lMjAlMkYyMjg2NjUzMzkxMCUyRkVMT1RST0VORk9RVUVNT1ZJTDElMjAtLSUzRSUwQSUzQ2RpdiUyMGlkJTNEJTI3ZGl2LWdwdC1hZC0xNzgxMjk3MjY3ODk1LTAlMjclMjBzdHlsZSUzRCUyN21pbi13aWR0aCUzQSUyMDMwMHB4JTNCJTIwbWluLWhlaWdodCUzQSUyMDEwMHB4JTNCJTI3JTNFJTBBJTIwJTIwJTNDc2NyaXB0JTNFJTBBJTIwJTIwJTIwJTIwZ29vZ2xldGFnLmNtZC5wdXNoJTI4ZnVuY3Rpb24lMjglMjklMjAlN0IlMjBnb29nbGV0YWcuZGlzcGxheSUyOCUyN2Rpdi1ncHQtYWQtMTc4MTI5NzI2Nzg5NS0wJTI3JTI5JTNCJTIwJTdEJTI5JTNCJTBBJTIwJTIwJTNDJTJGc2NyaXB0JTNFJTBBJTNDJTJGZGl2JTNFJTBBJTNDJTJGZGl2JTNFJTIwJTIwJTIw[\/vc_raw_html][\/vc_column][\/vc_row][vc_row][vc_column width=&#8221;1\/2&#8243;]<div class=\"rs-blog-grid rs-blog \">\r\n\t\t\t\t<div class=\"row\"><div class=\"blog-item col-lg-12 col-md-12 style1\">\r\n\t<div class=\"blog-img image-scale\">\r\n\t\t<a href=\"https:\/\/elotroenfoque.mx\/index.php\/2026\/09\/03\/pena-rompe-con-oposicion-y-da-septimo-voto-a-melanie\/\"><img loading=\"lazy\" decoding=\"async\" width=\"760\" height=\"395\" src=\"https:\/\/elotroenfoque.mx\/wp-content\/uploads\/2026\/09\/pena-rompe-con-oposicion-1-760x395.jpeg\" class=\"attachment-darpan_blog_medium_rihgt size-darpan_blog_medium_rihgt wp-post-image\" alt=\"\" \/><\/a>\t \r\n\t<\/div>\r\n\t<div class=\"bottom-shadow2 no-thumb\">\r\n\t\t<div class=\"blog-meta\">\r\n\t\t\t\t\t\t\t\t  \t\t\t\t \t\r\n\t\t<\/div>\r\n\t\t<h2 class=\"blog-title\"  style=\"font-size: 34px !important;\"><a href=\"https:\/\/elotroenfoque.mx\/index.php\/2026\/09\/03\/pena-rompe-con-oposicion-y-da-septimo-voto-a-melanie\/\"> Pe\u00f1a rompe con oposici\u00f3n y da s\u00e9ptimo voto a Melanie <\/a><\/h2>\t\r\n\t\t<div class=\"blog-desc\">\r\n\t\t\t\t\t\t\tEl voto del regidor panista Alejandro Pe\u00f1a Gallo permiti\u00f3 que la alcaldesa Melanie Murillo alcanzara los siete apoyos necesarios para modificar el presupuesto municipal. Con esa mayor\u00eda, el Ayuntamiento de Silao destrab\u00f3 recursos para obligaciones administrativas y para pagar las afectaciones del proyecto vial Santa Clara de Marines. Los regidores de Morena y Movimiento Ciudadano...\r\n\t\t\t\t\t\t<\/div>\r\n\t\t\r\n\t<\/div>\r\n<\/div><\/div><\/div>[\/vc_column][vc_column width=&#8221;1\/2&#8243;]<div class=\"rs-header-title header-left  vc_custom_1778971295857 \">         \r\n        \t\t<h3 class=\"title\" style=\"color: #FFFFFF\">Noticias Destacadas<\/h3><\/div><div class=\"rs-blog-grid rs-blog \">\r\n\t\t\t\t<div class=\"row\"><div class=\"blog-item col-lg-6 col-md-12 style1\">\r\n\t<div class=\"blog-img image-scale\">\r\n\t\t<a href=\"https:\/\/elotroenfoque.mx\/index.php\/2026\/09\/03\/cobro-de-piso-y-robo-lo-que-mas-golpea-a-las-empresas-en-guanajuato\/\"><img loading=\"lazy\" decoding=\"async\" width=\"638\" height=\"360\" src=\"https:\/\/elotroenfoque.mx\/wp-content\/uploads\/2026\/09\/inseguridad-en-guanajuato.jpg\" class=\"attachment-darpan_blog_medium_rihgt size-darpan_blog_medium_rihgt wp-post-image\" alt=\"\" srcset=\"https:\/\/elotroenfoque.mx\/wp-content\/uploads\/2026\/09\/inseguridad-en-guanajuato.jpg 638w, https:\/\/elotroenfoque.mx\/wp-content\/uploads\/2026\/09\/inseguridad-en-guanajuato-300x169.jpg 300w\" sizes=\"auto, (max-width: 638px) 100vw, 638px\" \/><\/a>\t \r\n\t<\/div>\r\n\t<div class=\"bottom-shadow2 no-thumb\">\r\n\t\t<div class=\"blog-meta\">\r\n\t\t\t\t\t\t\t\t  \t\t\t\t \t\r\n\t\t<\/div>\r\n\t\t<h3 class=\"blog-title\"  style=\"font-size: 20px !important;\"><a href=\"https:\/\/elotroenfoque.mx\/index.php\/2026\/09\/03\/cobro-de-piso-y-robo-lo-que-mas-golpea-a-las-empresas-en-guanajuato\/\"> Cobro de piso y robo, lo que m\u00e1s golpea a las empresas en Guanajuato <\/a><\/h3>\t\r\n\t\t\r\n\t\t\r\n\t<\/div>\r\n<\/div><div class=\"blog-item col-lg-6 col-md-12 style1\">\r\n\t<div class=\"blog-img image-scale\">\r\n\t\t<a href=\"https:\/\/elotroenfoque.mx\/index.php\/2026\/09\/03\/ataque-en-bar-black-corner-de-silao-deja-dos-muertos\/\"><img loading=\"lazy\" decoding=\"async\" width=\"760\" height=\"395\" src=\"https:\/\/elotroenfoque.mx\/wp-content\/uploads\/2026\/09\/IMG_8911-760x395.jpeg\" class=\"attachment-darpan_blog_medium_rihgt size-darpan_blog_medium_rihgt wp-post-image\" alt=\"\" \/><\/a>\t \r\n\t<\/div>\r\n\t<div class=\"bottom-shadow2 no-thumb\">\r\n\t\t<div class=\"blog-meta\">\r\n\t\t\t\t\t\t\t\t  \t\t\t\t \t\r\n\t\t<\/div>\r\n\t\t<h3 class=\"blog-title\"  style=\"font-size: 20px !important;\"><a href=\"https:\/\/elotroenfoque.mx\/index.php\/2026\/09\/03\/ataque-en-bar-black-corner-de-silao-deja-dos-muertos\/\"> Ataque en bar Black Corner de Silao deja dos muertos <\/a><\/h3>\t\r\n\t\t\r\n\t\t\r\n\t<\/div>\r\n<\/div><div class=\"blog-item col-lg-6 col-md-12 style1\">\r\n\t<div class=\"blog-img image-scale\">\r\n\t\t<a href=\"https:\/\/elotroenfoque.mx\/index.php\/2026\/09\/02\/buscan-libertad-anticipada-mil-631-sentenciados-en-guanajuato\/\"><img loading=\"lazy\" decoding=\"async\" width=\"760\" height=\"395\" src=\"https:\/\/elotroenfoque.mx\/wp-content\/uploads\/2026\/09\/u1-760x395.jpg\" class=\"attachment-darpan_blog_medium_rihgt size-darpan_blog_medium_rihgt wp-post-image\" alt=\"Buscan libertad presos de Guanajuato.\" \/><\/a>\t \r\n\t<\/div>\r\n\t<div class=\"bottom-shadow2 no-thumb\">\r\n\t\t<div class=\"blog-meta\">\r\n\t\t\t\t\t\t\t\t  \t\t\t\t \t\r\n\t\t<\/div>\r\n\t\t<h3 class=\"blog-title\"  style=\"font-size: 20px !important;\"><a href=\"https:\/\/elotroenfoque.mx\/index.php\/2026\/09\/02\/buscan-libertad-anticipada-mil-631-sentenciados-en-guanajuato\/\"> Buscan libertad anticipada mil 631 sentenciados en Guanajuato <\/a><\/h3>\t\r\n\t\t\r\n\t\t\r\n\t<\/div>\r\n<\/div><div class=\"blog-item col-lg-6 col-md-12 style1\">\r\n\t<div class=\"blog-img image-scale\">\r\n\t\t<a href=\"https:\/\/elotroenfoque.mx\/index.php\/2026\/09\/02\/tres-municipios-tendran-candidaturas-indigenas-obligatorias-en-2027\/\"><img loading=\"lazy\" decoding=\"async\" width=\"760\" height=\"395\" src=\"https:\/\/elotroenfoque.mx\/wp-content\/uploads\/2026\/09\/IEEG-aprueba-comision-de-debates-1-760x395.jpeg\" class=\"attachment-darpan_blog_medium_rihgt size-darpan_blog_medium_rihgt wp-post-image\" alt=\"\" \/><\/a>\t \r\n\t<\/div>\r\n\t<div class=\"bottom-shadow2 no-thumb\">\r\n\t\t<div class=\"blog-meta\">\r\n\t\t\t\t\t\t\t\t  \t\t\t\t \t\r\n\t\t<\/div>\r\n\t\t<h3 class=\"blog-title\"  style=\"font-size: 20px !important;\"><a href=\"https:\/\/elotroenfoque.mx\/index.php\/2026\/09\/02\/tres-municipios-tendran-candidaturas-indigenas-obligatorias-en-2027\/\"> Tres municipios tendr\u00e1n candidaturas ind\u00edgenas obligatorias en 2027 <\/a><\/h3>\t\r\n\t\t\r\n\t\t\r\n\t<\/div>\r\n<\/div><\/div><\/div>[\/vc_column][\/vc_row][vc_row][vc_column offset=&#8221;vc_hidden-sm vc_hidden-xs&#8221;][vc_raw_html css=&#8221;.vc_custom_1778972527919{padding-bottom: 15px !important;background-color: #F7F7F7 !important;background-position: center !important;background-repeat: no-repeat !important;background-size: cover !important;border-radius: 15px !important;}&#8221;]JTNDcCUyMHN0eWxlJTNEJTIydGV4dC1hbGlnbiUzQSUyMGNlbnRlciUzQiUyMGNvbG9yJTNBJTIwJTIzMmYyZjJmJTIwJTIxaW1wb3J0YW50JTNCJTIwZm9udC1zaXplJTNBJTIwOXB4JTNCJTIyJTNFUFVCTElDSURBRCUzQyUyRnAlM0UlMEQlMEElM0NkaXYlMjBzdHlsZSUzRCUyMmRpc3BsYXklM0FmbGV4JTNCJTIwanVzdGlmeS1jb250ZW50JTNBY2VudGVyJTNCJTIyJTNFJTBEJTBBJTNDJTIxLS0lMjAlMkYyMjg2NjUzMzkxMCUyRmJhbm5lcjkxMHgxMTAlMjAtLSUzRSUwRCUwQSUzQ2RpdiUyMGlkJTNEJTI3ZGl2LWdwdC1hZC0xNzc2Mjg3MDUwOTE0LTAlMjclMjBzdHlsZSUzRCUyN21pbi13aWR0aCUzQSUyMDkxMHB4JTNCJTIwbWluLWhlaWdodCUzQSUyMDExMHB4JTNCJTI3JTNFJTBEJTBBJTIwJTIwJTNDc2NyaXB0JTNFJTBEJTBBJTIwJTIwJTIwJTIwZ29vZ2xldGFnLmNtZC5wdXNoJTI4ZnVuY3Rpb24lMjglMjklMjAlN0IlMjBnb29nbGV0YWcuZGlzcGxheSUyOCUyN2Rpdi1ncHQtYWQtMTc3NjI4NzA1MDkxNC0wJTI3JTI5JTNCJTIwJTdEJTI5JTNCJTBEJTBBJTIwJTIwJTNDJTJGc2NyaXB0JTNFJTBEJTBBJTNDJTJGZGl2JTNFJTNDJTJGZGl2JTNF[\/vc_raw_html][\/vc_column][\/vc_row][vc_row][vc_column offset=&#8221;vc_hidden-lg vc_hidden-md vc_hidden-sm&#8221;][vc_raw_html css=&#8221;.vc_custom_1781297331219{background-color: #F7F7F7 !important;border-radius: 15px !important;}&#8221;]JTNDcCUyMHN0eWxlJTNEJTIydGV4dC1hbGlnbiUzQSUyMGNlbnRlciUzQiUyMGNvbG9yJTNBJTIwJTIzMmYyZjJmJTIwJTIxaW1wb3J0YW50JTNCJTIwZm9udC1zaXplJTNBJTIwOXB4JTNCJTIyJTNFUFVCTElDSURBRCUzQyUyRnAlM0UlMEElM0NkaXYlMjBzdHlsZSUzRCUyMmRpc3BsYXklM0FmbGV4JTNCJTIwanVzdGlmeS1jb250ZW50JTNBY2VudGVyJTNCJTIyJTNFJTBBJTNDJTIxLS0lMjAlMkYyMjg2NjUzMzkxMCUyRmJuY2VudHJhbG1vdmlsJTIwLS0lM0UlMEElM0NkaXYlMjBpZCUzRCUyN2Rpdi1ncHQtYWQtMTc4MTI5NzMxNDY2OC0wJTI3JTIwc3R5bGUlM0QlMjdtaW4td2lkdGglM0ElMjAzMDBweCUzQiUyMG1pbi1oZWlnaHQlM0ElMjA1MHB4JTNCJTI3JTNFJTBBJTIwJTIwJTNDc2NyaXB0JTNFJTBBJTIwJTIwJTIwJTIwZ29vZ2xldGFnLmNtZC5wdXNoJTI4ZnVuY3Rpb24lMjglMjklMjAlN0IlMjBnb29nbGV0YWcuZGlzcGxheSUyOCUyN2Rpdi1ncHQtYWQtMTc4MTI5NzMxNDY2OC0wJTI3JTI5JTNCJTIwJTdEJTI5JTNCJTBBJTIwJTIwJTNDJTJGc2NyaXB0JTNFJTBBJTNDJTJGZGl2JTNFJTBBJTNDJTJGZGl2JTNFJTIwJTIwJTIw[\/vc_raw_html][\/vc_column][\/vc_row][vc_row el_class=&#8221;politics-mid&#8221; css=&#8221;.vc_custom_1574158384198{padding-top: 35px !important;padding-bottom: 35px !important;}&#8221;][vc_column width=&#8221;2\/3&#8243; css=&#8221;.vc_custom_1574157965608{padding-top: 15px !important;padding-right: 39px !important;padding-bottom: 0px !important;padding-left: 39px !important;}&#8221;]<div class=\"rs-header-title header-left  vc_custom_1778971576546 \">         \r\n        \t\t<h3 class=\"title\" style=\"color: #FFFFFF\">NOTICIAS<\/h3><\/div><div  class=\"rs-news-tab rs-news-horizental-slider3 rs-news-vertical-slider \"><div class=\"title_bar\">\r\n\t    \t\t<\/div><div class=\"full-gird-list\">\r\n\t\t\t\t\t<div class=\"row\"><div class=\"col-lg-12 tab-top-content\">\r\n\t\t\t\t                <div class=\"row\"><div class=\"col-lg- col-md-6\">\r\n\t\t\t                    \t\t<div class=\"blog-inner-post\">\r\n\t\t\t\t\t                        <div class=\"post-img\">\r\n\t\t\t\t\t                       \t\t<a href=\"https:\/\/elotroenfoque.mx\/index.php\/2026\/09\/03\/reconoce-gobernadora-aportacion-de-mujeres-indigenas\/\"><img loading=\"lazy\" decoding=\"async\" width=\"671\" height=\"400\" src=\"https:\/\/elotroenfoque.mx\/wp-content\/uploads\/2026\/09\/dia-de-la-mujer-indigena-1-671x400.jpg\" class=\"attachment-darpan_blog_medium_small size-darpan_blog_medium_small wp-post-image\" alt=\"\" \/><\/a> \r\n\t\t\t\t\t                       \t\t<div class=\"cate-home\"> \r\n\t\t\t\t\t\t\t\t\t\t\t\t\t<span class=\"category\"><\/span>    \r\n\t\t\t\t\t\t\t\t\t\t\t\t<\/div>\r\n\t\t\t\t\t                        <\/div>\r\n\t\t\t\t\t                        <div class=\"post-content\">\r\n\t\t\t\t\t                        \t\r\n\t\t\t\t\t\t\t\t\t\t\t\t<h3 class=\"big-title medium-font-size\"><a href=\"https:\/\/elotroenfoque.mx\/index.php\/2026\/09\/03\/reconoce-gobernadora-aportacion-de-mujeres-indigenas\/\">Reconoce Gobernadora aportaci\u00f3n de mujeres ind\u00edgenas<\/a><\/h3>\r\n\t\t\t\t\t\t\t\t\t\t\t\t<div class=\"excerpt\">El impulso a las mujeres ind\u00edgenas en Guanajuato representa un compromiso fundamental para el desarrollo de las comunidades originarias. Durante la...<\/div>\r\n\t\t\t\t\t\t\t\t\t\t\t\t\r\n\t\t\t\t\t                        <\/div>\r\n\t\t\t\t                        <\/div>\r\n\t\t\t                        <\/div><div class=\"col-lg- col-md-6\">\r\n\t\t\t                    \t\t<div class=\"blog-inner-post\">\r\n\t\t\t\t\t                        <div class=\"post-img\">\r\n\t\t\t\t\t                       \t\t<a href=\"https:\/\/elotroenfoque.mx\/index.php\/2026\/09\/03\/gobierno-del-guanajuato-manejara-recursos-que-antes-daba-a-patronato-de-la-feria-de-leon\/\"><img loading=\"lazy\" decoding=\"async\" width=\"760\" height=\"400\" src=\"https:\/\/elotroenfoque.mx\/wp-content\/uploads\/2026\/09\/feria-5-760x400.jpg\" class=\"attachment-darpan_blog_medium_small size-darpan_blog_medium_small wp-post-image\" alt=\"Dar\u00e1n oportunidad a empresa locales en Feria 2027\" \/><\/a> \r\n\t\t\t\t\t                       \t\t<div class=\"cate-home\"> \r\n\t\t\t\t\t\t\t\t\t\t\t\t\t<span class=\"category\"><\/span>    \r\n\t\t\t\t\t\t\t\t\t\t\t\t<\/div>\r\n\t\t\t\t\t                        <\/div>\r\n\t\t\t\t\t                        <div class=\"post-content\">\r\n\t\t\t\t\t                        \t\r\n\t\t\t\t\t\t\t\t\t\t\t\t<h3 class=\"big-title medium-font-size\"><a href=\"https:\/\/elotroenfoque.mx\/index.php\/2026\/09\/03\/gobierno-del-guanajuato-manejara-recursos-que-antes-daba-a-patronato-de-la-feria-de-leon\/\">Gobierno del Guanajuato manejar\u00e1 recursos que antes daba a patronato de la Feria de Le\u00f3n<\/a><\/h3>\r\n\t\t\t\t\t\t\t\t\t\t\t\t<div class=\"excerpt\">El Gobierno del Estado de Guanajuato ahora manejar\u00e1 directamente los recursos que anteriormente le asignaba al patronato de la Feria de...<\/div>\r\n\t\t\t\t\t\t\t\t\t\t\t\t\r\n\t\t\t\t\t                        <\/div>\r\n\t\t\t\t                        <\/div>\r\n\t\t\t                        <\/div><div class=\"col-lg- col-md-6\">\r\n\t\t\t                    \t\t<div class=\"blog-inner-post\">\r\n\t\t\t\t\t                        <div class=\"post-img\">\r\n\t\t\t\t\t                       \t\t<a href=\"https:\/\/elotroenfoque.mx\/index.php\/2026\/09\/03\/guanajuato-segundo-estado-con-mas-cadaveres-en-2025-inegi\/\"><img loading=\"lazy\" decoding=\"async\" width=\"719\" height=\"400\" src=\"https:\/\/elotroenfoque.mx\/wp-content\/uploads\/2026\/09\/cuerpos-almacenados-en-centros-forenses-719x400.jpg\" class=\"attachment-darpan_blog_medium_small size-darpan_blog_medium_small wp-post-image\" alt=\"\" \/><\/a> \r\n\t\t\t\t\t                       \t\t<div class=\"cate-home\"> \r\n\t\t\t\t\t\t\t\t\t\t\t\t\t<span class=\"category\"><\/span>    \r\n\t\t\t\t\t\t\t\t\t\t\t\t<\/div>\r\n\t\t\t\t\t                        <\/div>\r\n\t\t\t\t\t                        <div class=\"post-content\">\r\n\t\t\t\t\t                        \t\r\n\t\t\t\t\t\t\t\t\t\t\t\t<h3 class=\"big-title medium-font-size\"><a href=\"https:\/\/elotroenfoque.mx\/index.php\/2026\/09\/03\/guanajuato-segundo-estado-con-mas-cadaveres-en-2025-inegi\/\">Guanajuato, segundo estado con m\u00e1s cad\u00e1veres en 2025: Inegi<\/a><\/h3>\r\n\t\t\t\t\t\t\t\t\t\t\t\t<div class=\"excerpt\">Casi 11 mil cad\u00e1veres permanec\u00edan almacenados en centros forenses de M\u00e9xico al cierre de 2025, de acuerdo con datos del Inegi....<\/div>\r\n\t\t\t\t\t\t\t\t\t\t\t\t\r\n\t\t\t\t\t                        <\/div>\r\n\t\t\t\t                        <\/div>\r\n\t\t\t                        <\/div><div class=\"col-lg- col-md-6\">\r\n\t\t\t                    \t\t<div class=\"blog-inner-post\">\r\n\t\t\t\t\t                        <div class=\"post-img\">\r\n\t\t\t\t\t                       \t\t<a href=\"https:\/\/elotroenfoque.mx\/index.php\/2026\/09\/02\/hermana-de-exgobernador-de-guanajuato-rinde-protesta-como-senadora-de-la-republica\/\"><img loading=\"lazy\" decoding=\"async\" width=\"760\" height=\"400\" src=\"https:\/\/elotroenfoque.mx\/wp-content\/uploads\/2026\/09\/hermana-760x400.jpg\" class=\"attachment-darpan_blog_medium_small size-darpan_blog_medium_small wp-post-image\" alt=\"Hermana de exgobernador saliente de Guanajuato.\" \/><\/a> \r\n\t\t\t\t\t                       \t\t<div class=\"cate-home\"> \r\n\t\t\t\t\t\t\t\t\t\t\t\t\t<span class=\"category\"><\/span>    \r\n\t\t\t\t\t\t\t\t\t\t\t\t<\/div>\r\n\t\t\t\t\t                        <\/div>\r\n\t\t\t\t\t                        <div class=\"post-content\">\r\n\t\t\t\t\t                        \t\r\n\t\t\t\t\t\t\t\t\t\t\t\t<h3 class=\"big-title medium-font-size\"><a href=\"https:\/\/elotroenfoque.mx\/index.php\/2026\/09\/02\/hermana-de-exgobernador-de-guanajuato-rinde-protesta-como-senadora-de-la-republica\/\">Hermana de exgobernador de Guanajuato rinde protesta como senadora de la Rep\u00fablica<\/a><\/h3>\r\n\t\t\t\t\t\t\t\t\t\t\t\t<div class=\"excerpt\">Alma Cristina Rodr\u00edguez Vallejo hermana del exgobernador saliente de Guanajuato, Diego Sinhue, rindi\u00f3 protesta como senadora de la Rep\u00fablica por Acci\u00f3n...<\/div>\r\n\t\t\t\t\t\t\t\t\t\t\t\t\r\n\t\t\t\t\t                        <\/div>\r\n\t\t\t\t                        <\/div>\r\n\t\t\t                        <\/div><div class=\"col-lg- col-md-6\">\r\n\t\t\t                    \t\t<div class=\"blog-inner-post\">\r\n\t\t\t\t\t                        <div class=\"post-img\">\r\n\t\t\t\t\t                       \t\t<a href=\"https:\/\/elotroenfoque.mx\/index.php\/2026\/09\/02\/arranca-pan-guanajuato-con-foros-y-entrevistas-de-aspirantes-a-defensores-de-la-patria\/\"><img loading=\"lazy\" decoding=\"async\" width=\"760\" height=\"400\" src=\"https:\/\/elotroenfoque.mx\/wp-content\/uploads\/2026\/09\/pan555-760x400.jpg\" class=\"attachment-darpan_blog_medium_small size-darpan_blog_medium_small wp-post-image\" alt=\"Defensores de la Patria del PAN\" \/><\/a> \r\n\t\t\t\t\t                       \t\t<div class=\"cate-home\"> \r\n\t\t\t\t\t\t\t\t\t\t\t\t\t<span class=\"category\"><\/span>    \r\n\t\t\t\t\t\t\t\t\t\t\t\t<\/div>\r\n\t\t\t\t\t                        <\/div>\r\n\t\t\t\t\t                        <div class=\"post-content\">\r\n\t\t\t\t\t                        \t\r\n\t\t\t\t\t\t\t\t\t\t\t\t<h3 class=\"big-title medium-font-size\"><a href=\"https:\/\/elotroenfoque.mx\/index.php\/2026\/09\/02\/arranca-pan-guanajuato-con-foros-y-entrevistas-de-aspirantes-a-defensores-de-la-patria\/\">Arranca PAN Guanajuato con foros y entrevistas de aspirantes a Defensores de la Patria<\/a><\/h3>\r\n\t\t\t\t\t\t\t\t\t\t\t\t<div class=\"excerpt\">El PAN Guanajuato puso en marcha este mi\u00e9rcoles la fase de foros y entrevistas con las personas aspirantes a Defensores de...<\/div>\r\n\t\t\t\t\t\t\t\t\t\t\t\t\r\n\t\t\t\t\t                        <\/div>\r\n\t\t\t\t                        <\/div>\r\n\t\t\t                        <\/div><div class=\"col-lg- col-md-6\">\r\n\t\t\t                    \t\t<div class=\"blog-inner-post\">\r\n\t\t\t\t\t                        <div class=\"post-img\">\r\n\t\t\t\t\t                       \t\t<a href=\"https:\/\/elotroenfoque.mx\/index.php\/2026\/09\/02\/invertiran-27-mdp-para-pavimentar-vialidades-clave-en-cuatro-zonas-de-celaya\/\"><img loading=\"lazy\" decoding=\"async\" width=\"760\" height=\"400\" src=\"https:\/\/elotroenfoque.mx\/wp-content\/uploads\/2026\/09\/obras-en-celaya-1-760x400.jpeg\" class=\"attachment-darpan_blog_medium_small size-darpan_blog_medium_small wp-post-image\" alt=\"\" \/><\/a> \r\n\t\t\t\t\t                       \t\t<div class=\"cate-home\"> \r\n\t\t\t\t\t\t\t\t\t\t\t\t\t<span class=\"category\"><\/span>    \r\n\t\t\t\t\t\t\t\t\t\t\t\t<\/div>\r\n\t\t\t\t\t                        <\/div>\r\n\t\t\t\t\t                        <div class=\"post-content\">\r\n\t\t\t\t\t                        \t\r\n\t\t\t\t\t\t\t\t\t\t\t\t<h3 class=\"big-title medium-font-size\"><a href=\"https:\/\/elotroenfoque.mx\/index.php\/2026\/09\/02\/invertiran-27-mdp-para-pavimentar-vialidades-clave-en-cuatro-zonas-de-celaya\/\">Invertir\u00e1n 27 mdp para pavimentar vialidades clave en cuatro zonas de Celaya<\/a><\/h3>\r\n\t\t\t\t\t\t\t\t\t\t\t\t<div class=\"excerpt\">Calles de dos comunidades y dos colonias urbanas de Celaya ser\u00e1n pavimentadas tras el arranque de un paquete de obras p\u00fablicas...<\/div>\r\n\t\t\t\t\t\t\t\t\t\t\t\t\r\n\t\t\t\t\t                        <\/div>\r\n\t\t\t\t                        <\/div>\r\n\t\t\t                        <\/div><div class=\"col-lg- col-md-6\">\r\n\t\t\t                    \t\t<div class=\"blog-inner-post\">\r\n\t\t\t\t\t                        <div class=\"post-img\">\r\n\t\t\t\t\t                       \t\t<a href=\"https:\/\/elotroenfoque.mx\/index.php\/2026\/09\/02\/san-miguel-de-allende-proyecta-su-desarrollo-urbano-a-2050\/\"><img loading=\"lazy\" decoding=\"async\" width=\"760\" height=\"400\" src=\"https:\/\/elotroenfoque.mx\/wp-content\/uploads\/2026\/04\/san-miguel-de-allende-impulsa-el-turismo-1-760x400.jpeg\" class=\"attachment-darpan_blog_medium_small size-darpan_blog_medium_small wp-post-image\" alt=\"\" \/><\/a> \r\n\t\t\t\t\t                       \t\t<div class=\"cate-home\"> \r\n\t\t\t\t\t\t\t\t\t\t\t\t\t<span class=\"category\"><\/span>    \r\n\t\t\t\t\t\t\t\t\t\t\t\t<\/div>\r\n\t\t\t\t\t                        <\/div>\r\n\t\t\t\t\t                        <div class=\"post-content\">\r\n\t\t\t\t\t                        \t\r\n\t\t\t\t\t\t\t\t\t\t\t\t<h3 class=\"big-title medium-font-size\"><a href=\"https:\/\/elotroenfoque.mx\/index.php\/2026\/09\/02\/san-miguel-de-allende-proyecta-su-desarrollo-urbano-a-2050\/\">San Miguel de Allende proyecta su desarrollo urbano a 2050<\/a><\/h3>\r\n\t\t\t\t\t\t\t\t\t\t\t\t<div class=\"excerpt\">San Miguel de Allende avanza en la actualizaci\u00f3n de su planeaci\u00f3n territorial con una visi\u00f3n orientada hacia el a\u00f1o 2050. El...<\/div>\r\n\t\t\t\t\t\t\t\t\t\t\t\t\r\n\t\t\t\t\t                        <\/div>\r\n\t\t\t\t                        <\/div>\r\n\t\t\t                        <\/div><div class=\"col-lg- col-md-6\">\r\n\t\t\t                    \t\t<div class=\"blog-inner-post\">\r\n\t\t\t\t\t                        <div class=\"post-img\">\r\n\t\t\t\t\t                       \t\t<a href=\"https:\/\/elotroenfoque.mx\/index.php\/2026\/09\/02\/atletas-capitalinos-reciben-reconocimiento-por-sus-logros\/\"><img loading=\"lazy\" decoding=\"async\" width=\"760\" height=\"400\" src=\"https:\/\/elotroenfoque.mx\/wp-content\/uploads\/2026\/09\/atletas-destacados-1-760x400.jpeg\" class=\"attachment-darpan_blog_medium_small size-darpan_blog_medium_small wp-post-image\" alt=\"\" \/><\/a> \r\n\t\t\t\t\t                       \t\t<div class=\"cate-home\"> \r\n\t\t\t\t\t\t\t\t\t\t\t\t\t<span class=\"category\"><\/span>    \r\n\t\t\t\t\t\t\t\t\t\t\t\t<\/div>\r\n\t\t\t\t\t                        <\/div>\r\n\t\t\t\t\t                        <div class=\"post-content\">\r\n\t\t\t\t\t                        \t\r\n\t\t\t\t\t\t\t\t\t\t\t\t<h3 class=\"big-title medium-font-size\"><a href=\"https:\/\/elotroenfoque.mx\/index.php\/2026\/09\/02\/atletas-capitalinos-reciben-reconocimiento-por-sus-logros\/\">Atletas capitalinos reciben reconocimiento por sus logros<\/a><\/h3>\r\n\t\t\t\t\t\t\t\t\t\t\t\t<div class=\"excerpt\">La presidenta municipal Samantha Smith entreg\u00f3 reconocimientos a atletas capitalinos destacados por sus resultados en competencias nacionales e internacionales. La ceremonia...<\/div>\r\n\t\t\t\t\t\t\t\t\t\t\t\t\r\n\t\t\t\t\t                        <\/div>\r\n\t\t\t\t                        <\/div>\r\n\t\t\t                        <\/div><div class=\"col-lg- col-md-6\">\r\n\t\t\t                    \t\t<div class=\"blog-inner-post\">\r\n\t\t\t\t\t                        <div class=\"post-img\">\r\n\t\t\t\t\t                       \t\t<a href=\"https:\/\/elotroenfoque.mx\/index.php\/2026\/09\/02\/revisaran-las-cuentas-de-los-46-municipios-de-guanajuato\/\"><img loading=\"lazy\" decoding=\"async\" width=\"740\" height=\"400\" src=\"https:\/\/elotroenfoque.mx\/wp-content\/uploads\/2026\/09\/auditorias-a-municipios-1-740x400.jpg\" class=\"attachment-darpan_blog_medium_small size-darpan_blog_medium_small wp-post-image\" alt=\"\" \/><\/a> \r\n\t\t\t\t\t                       \t\t<div class=\"cate-home\"> \r\n\t\t\t\t\t\t\t\t\t\t\t\t\t<span class=\"category\"><\/span>    \r\n\t\t\t\t\t\t\t\t\t\t\t\t<\/div>\r\n\t\t\t\t\t                        <\/div>\r\n\t\t\t\t\t                        <div class=\"post-content\">\r\n\t\t\t\t\t                        \t\r\n\t\t\t\t\t\t\t\t\t\t\t\t<h3 class=\"big-title medium-font-size\"><a href=\"https:\/\/elotroenfoque.mx\/index.php\/2026\/09\/02\/revisaran-las-cuentas-de-los-46-municipios-de-guanajuato\/\">Revisar\u00e1n las cuentas de los 46 municipios de Guanajuato<\/a><\/h3>\r\n\t\t\t\t\t\t\t\t\t\t\t\t<div class=\"excerpt\">\u201cLos recursos p\u00fablicos pertenecen a la gente y deben de regresar a ellos convertidos en resultados\u201d, declar\u00f3 la gobernadora Libia Dennise...<\/div>\r\n\t\t\t\t\t\t\t\t\t\t\t\t\r\n\t\t\t\t\t                        <\/div>\r\n\t\t\t\t                        <\/div>\r\n\t\t\t                        <\/div><div class=\"col-lg- col-md-6\">\r\n\t\t\t                    \t\t<div class=\"blog-inner-post\">\r\n\t\t\t\t\t                        <div class=\"post-img\">\r\n\t\t\t\t\t                       \t\t<a href=\"https:\/\/elotroenfoque.mx\/index.php\/2026\/09\/02\/despliegan-600-militares-en-guanajuato-para-reforzar-seguridad\/\"><img loading=\"lazy\" decoding=\"async\" width=\"739\" height=\"359\" src=\"https:\/\/elotroenfoque.mx\/wp-content\/uploads\/2026\/09\/despliegan-600-soldados-en-gto.jpg\" class=\"attachment-darpan_blog_medium_small size-darpan_blog_medium_small wp-post-image\" alt=\"\" srcset=\"https:\/\/elotroenfoque.mx\/wp-content\/uploads\/2026\/09\/despliegan-600-soldados-en-gto.jpg 739w, https:\/\/elotroenfoque.mx\/wp-content\/uploads\/2026\/09\/despliegan-600-soldados-en-gto-300x146.jpg 300w\" sizes=\"auto, (max-width: 739px) 100vw, 739px\" \/><\/a> \r\n\t\t\t\t\t                       \t\t<div class=\"cate-home\"> \r\n\t\t\t\t\t\t\t\t\t\t\t\t\t<span class=\"category\"><\/span>    \r\n\t\t\t\t\t\t\t\t\t\t\t\t<\/div>\r\n\t\t\t\t\t                        <\/div>\r\n\t\t\t\t\t                        <div class=\"post-content\">\r\n\t\t\t\t\t                        \t\r\n\t\t\t\t\t\t\t\t\t\t\t\t<h3 class=\"big-title medium-font-size\"><a href=\"https:\/\/elotroenfoque.mx\/index.php\/2026\/09\/02\/despliegan-600-militares-en-guanajuato-para-reforzar-seguridad\/\">Despliegan 600 militares en Guanajuato para reforzar seguridad<\/a><\/h3>\r\n\t\t\t\t\t\t\t\t\t\t\t\t<div class=\"excerpt\">Unos 600 militares fueron desplegados en Guanajuato para reforzar la seguridad, como parte de la Estrategia Nacional de Seguridad P\u00fablica. Los...<\/div>\r\n\t\t\t\t\t\t\t\t\t\t\t\t\r\n\t\t\t\t\t                        <\/div>\r\n\t\t\t\t                        <\/div>\r\n\t\t\t                        <\/div><div class=\"col-lg- col-md-6\">\r\n\t\t\t                    \t\t<div class=\"blog-inner-post\">\r\n\t\t\t\t\t                        <div class=\"post-img\">\r\n\t\t\t\t\t                       \t\t<a href=\"https:\/\/elotroenfoque.mx\/index.php\/2026\/09\/02\/irapuatense-halla-chamba-en-redes-sociales-en-jalisco-va-y-desaparece\/\"><img loading=\"lazy\" decoding=\"async\" width=\"760\" height=\"400\" src=\"https:\/\/elotroenfoque.mx\/wp-content\/uploads\/2026\/09\/e-760x400.jpg\" class=\"attachment-darpan_blog_medium_small size-darpan_blog_medium_small wp-post-image\" alt=\"Irapuatense desaparece en Jalisco\" \/><\/a> \r\n\t\t\t\t\t                       \t\t<div class=\"cate-home\"> \r\n\t\t\t\t\t\t\t\t\t\t\t\t\t<span class=\"category\"><\/span>    \r\n\t\t\t\t\t\t\t\t\t\t\t\t<\/div>\r\n\t\t\t\t\t                        <\/div>\r\n\t\t\t\t\t                        <div class=\"post-content\">\r\n\t\t\t\t\t                        \t\r\n\t\t\t\t\t\t\t\t\t\t\t\t<h3 class=\"big-title medium-font-size\"><a href=\"https:\/\/elotroenfoque.mx\/index.php\/2026\/09\/02\/irapuatense-halla-chamba-en-redes-sociales-en-jalisco-va-y-desaparece\/\">Irapuatense halla \u201cchamba\u201d en redes sociales en Jalisco, va y desaparece<\/a><\/h3>\r\n\t\t\t\t\t\t\t\t\t\t\t\t<div class=\"excerpt\">Lo que parec\u00eda ser una oportunidad para conseguir trabajo termin\u00f3 convirti\u00e9ndose en una angustia para una familia de Irapuato. Jos\u00e9 Manuel...<\/div>\r\n\t\t\t\t\t\t\t\t\t\t\t\t\r\n\t\t\t\t\t                        <\/div>\r\n\t\t\t\t                        <\/div>\r\n\t\t\t                        <\/div><div class=\"col-lg- col-md-6\">\r\n\t\t\t                    \t\t<div class=\"blog-inner-post\">\r\n\t\t\t\t\t                        <div class=\"post-img\">\r\n\t\t\t\t\t                       \t\t<a href=\"https:\/\/elotroenfoque.mx\/index.php\/2026\/09\/01\/diputados-federales-de-morena-por-guanajuato-entre-los-menos-productivos\/\"><img loading=\"lazy\" decoding=\"async\" width=\"546\" height=\"366\" src=\"https:\/\/elotroenfoque.mx\/wp-content\/uploads\/2026\/09\/camara-de-diputados-federal.jpg\" class=\"attachment-darpan_blog_medium_small size-darpan_blog_medium_small wp-post-image\" alt=\"\" srcset=\"https:\/\/elotroenfoque.mx\/wp-content\/uploads\/2026\/09\/camara-de-diputados-federal.jpg 546w, https:\/\/elotroenfoque.mx\/wp-content\/uploads\/2026\/09\/camara-de-diputados-federal-300x201.jpg 300w\" sizes=\"auto, (max-width: 546px) 100vw, 546px\" \/><\/a> \r\n\t\t\t\t\t                       \t\t<div class=\"cate-home\"> \r\n\t\t\t\t\t\t\t\t\t\t\t\t\t<span class=\"category\"><\/span>    \r\n\t\t\t\t\t\t\t\t\t\t\t\t<\/div>\r\n\t\t\t\t\t                        <\/div>\r\n\t\t\t\t\t                        <div class=\"post-content\">\r\n\t\t\t\t\t                        \t\r\n\t\t\t\t\t\t\t\t\t\t\t\t<h3 class=\"big-title medium-font-size\"><a href=\"https:\/\/elotroenfoque.mx\/index.php\/2026\/09\/01\/diputados-federales-de-morena-por-guanajuato-entre-los-menos-productivos\/\">Diputados federales de Morena por Guanajuato, entre los menos productivos<\/a><\/h3>\r\n\t\t\t\t\t\t\t\t\t\t\t\t<div class=\"excerpt\">Tres legisladores de Morena que representan a Guanajuato se ubican entre los integrantes de la LXVI Legislatura federal con menor trabajo...<\/div>\r\n\t\t\t\t\t\t\t\t\t\t\t\t\r\n\t\t\t\t\t                        <\/div>\r\n\t\t\t\t                        <\/div>\r\n\t\t\t                        <\/div><\/div>\r\n\t                    <\/div><\/div> <\/div>\r\n<\/div><div class=\"rs-header-title header-left  vc_custom_1781292246894 \">         \r\n        \t\t<h3 class=\"title\" style=\"color: #FFFFFF\">OTRAS NOTICIAS<\/h3><\/div><div  class=\"rs-news-tab rs-news-horizental-slider3 rs-news-vertical-slider \"><div class=\"title_bar\">\r\n\t    \t\t<\/div><div class=\"full-gird-list\">\r\n\t\t\t\t\t<div class=\"row\"><div class=\"col-lg-12 tab-top-content\">\r\n\t\t\t\t                <div class=\"row\"><div class=\"col-lg- col-md-6\">\r\n\t\t\t                    \t\t<div class=\"blog-inner-post\">\r\n\t\t\t\t\t                        <div class=\"post-img\">\r\n\t\t\t\t\t                       \t\t<a href=\"https:\/\/elotroenfoque.mx\/index.php\/2026\/09\/03\/dos-lapices-diputado-de-morena-presume-su-gran-apoyo-escolar\/\"><img loading=\"lazy\" decoding=\"async\" width=\"640\" height=\"400\" src=\"https:\/\/elotroenfoque.mx\/wp-content\/uploads\/2026\/09\/diputado-regala-dos-lapices-2-640x400.jpg\" class=\"attachment-darpan_blog_medium_small size-darpan_blog_medium_small wp-post-image\" alt=\"\" \/><\/a> \r\n\t\t\t\t\t                       \t\t<div class=\"cate-home\"> \r\n\t\t\t\t\t\t\t\t\t\t\t\t\t<span class=\"category\"><\/span>    \r\n\t\t\t\t\t\t\t\t\t\t\t\t<\/div>\r\n\t\t\t\t\t                        <\/div>\r\n\t\t\t\t\t                        <div class=\"post-content\">\r\n\t\t\t\t\t                        \t\r\n\t\t\t\t\t\t\t\t\t\t\t\t<h3 class=\"big-title medium-font-size\"><a href=\"https:\/\/elotroenfoque.mx\/index.php\/2026\/09\/03\/dos-lapices-diputado-de-morena-presume-su-gran-apoyo-escolar\/\">\u00bfDos l\u00e1pices? Diputado de Morena presume su \u201cgran\u201d apoyo escolar<\/a><\/h3>\r\n\t\t\t\t\t\t\t\t\t\t\t\t<div class=\"excerpt\">El diputado de Morena, Claudio Alberto De Leija Hinojosa, desat\u00f3 cr\u00edticas en redes sociales tras participar en un evento de regreso...<\/div>\r\n\t\t\t\t\t\t\t\t\t\t\t\t\r\n\t\t\t\t\t                        <\/div>\r\n\t\t\t\t                        <\/div>\r\n\t\t\t                        <\/div><div class=\"col-lg- col-md-6\">\r\n\t\t\t                    \t\t<div class=\"blog-inner-post\">\r\n\t\t\t\t\t                        <div class=\"post-img\">\r\n\t\t\t\t\t                       \t\t<a href=\"https:\/\/elotroenfoque.mx\/index.php\/2026\/09\/03\/volkswagen-prepara-recorte-de-50-mil-empleos-a-nivel-mundial\/\"><img loading=\"lazy\" decoding=\"async\" width=\"692\" height=\"364\" src=\"https:\/\/elotroenfoque.mx\/wp-content\/uploads\/2026\/09\/volskwagen-recortara-empleos.jpg\" class=\"attachment-darpan_blog_medium_small size-darpan_blog_medium_small wp-post-image\" alt=\"\" srcset=\"https:\/\/elotroenfoque.mx\/wp-content\/uploads\/2026\/09\/volskwagen-recortara-empleos.jpg 692w, https:\/\/elotroenfoque.mx\/wp-content\/uploads\/2026\/09\/volskwagen-recortara-empleos-300x158.jpg 300w, https:\/\/elotroenfoque.mx\/wp-content\/uploads\/2026\/09\/volskwagen-recortara-empleos-690x364.jpg 690w\" sizes=\"auto, (max-width: 692px) 100vw, 692px\" \/><\/a> \r\n\t\t\t\t\t                       \t\t<div class=\"cate-home\"> \r\n\t\t\t\t\t\t\t\t\t\t\t\t\t<span class=\"category\"><\/span>    \r\n\t\t\t\t\t\t\t\t\t\t\t\t<\/div>\r\n\t\t\t\t\t                        <\/div>\r\n\t\t\t\t\t                        <div class=\"post-content\">\r\n\t\t\t\t\t                        \t\r\n\t\t\t\t\t\t\t\t\t\t\t\t<h3 class=\"big-title medium-font-size\"><a href=\"https:\/\/elotroenfoque.mx\/index.php\/2026\/09\/03\/volkswagen-prepara-recorte-de-50-mil-empleos-a-nivel-mundial\/\">Volkswagen prepara recorte de 50 mil empleos a nivel mundial<\/a><\/h3>\r\n\t\t\t\t\t\t\t\t\t\t\t\t<div class=\"excerpt\">Volkswagen aprob\u00f3 un plan de transformaci\u00f3n que contempla eliminar hasta 50 mil empleos a nivel mundial, incluidos puestos directivos, ante la...<\/div>\r\n\t\t\t\t\t\t\t\t\t\t\t\t\r\n\t\t\t\t\t                        <\/div>\r\n\t\t\t\t                        <\/div>\r\n\t\t\t                        <\/div><div class=\"col-lg- col-md-6\">\r\n\t\t\t                    \t\t<div class=\"blog-inner-post\">\r\n\t\t\t\t\t                        <div class=\"post-img\">\r\n\t\t\t\t\t                       \t\t<a href=\"https:\/\/elotroenfoque.mx\/index.php\/2026\/09\/03\/enferman-de-salmonella-135-medicos-del-hospital-general-de-mexico\/\"><img loading=\"lazy\" decoding=\"async\" width=\"760\" height=\"400\" src=\"https:\/\/elotroenfoque.mx\/wp-content\/uploads\/2026\/09\/enferman-medicos-del-hospital-general-de-mexico-760x400.jpg\" class=\"attachment-darpan_blog_medium_small size-darpan_blog_medium_small wp-post-image\" alt=\"\" \/><\/a> \r\n\t\t\t\t\t                       \t\t<div class=\"cate-home\"> \r\n\t\t\t\t\t\t\t\t\t\t\t\t\t<span class=\"category\"><\/span>    \r\n\t\t\t\t\t\t\t\t\t\t\t\t<\/div>\r\n\t\t\t\t\t                        <\/div>\r\n\t\t\t\t\t                        <div class=\"post-content\">\r\n\t\t\t\t\t                        \t\r\n\t\t\t\t\t\t\t\t\t\t\t\t<h3 class=\"big-title medium-font-size\"><a href=\"https:\/\/elotroenfoque.mx\/index.php\/2026\/09\/03\/enferman-de-salmonella-135-medicos-del-hospital-general-de-mexico\/\">Enferman de salmonella 135 m\u00e9dicos del Hospital General de M\u00e9xico<\/a><\/h3>\r\n\t\t\t\t\t\t\t\t\t\t\t\t<div class=\"excerpt\">Un brote de salmonella afect\u00f3 a 135 m\u00e9dicos residentes y de alta especialidad del Hospital General de M\u00e9xico \u201cDr. Eduardo Liceaga\u201d....<\/div>\r\n\t\t\t\t\t\t\t\t\t\t\t\t\r\n\t\t\t\t\t                        <\/div>\r\n\t\t\t\t                        <\/div>\r\n\t\t\t                        <\/div><div class=\"col-lg- col-md-6\">\r\n\t\t\t                    \t\t<div class=\"blog-inner-post\">\r\n\t\t\t\t\t                        <div class=\"post-img\">\r\n\t\t\t\t\t                       \t\t<a href=\"https:\/\/elotroenfoque.mx\/index.php\/2026\/09\/03\/pleito-entre-familias-causo-homicidio-del-tecladista-y-su-familia-sheinbaum\/\"><img loading=\"lazy\" decoding=\"async\" width=\"643\" height=\"362\" src=\"https:\/\/elotroenfoque.mx\/wp-content\/uploads\/2026\/09\/tecladista-de-camilo-septimo.jpg\" class=\"attachment-darpan_blog_medium_small size-darpan_blog_medium_small wp-post-image\" alt=\"\" srcset=\"https:\/\/elotroenfoque.mx\/wp-content\/uploads\/2026\/09\/tecladista-de-camilo-septimo.jpg 643w, https:\/\/elotroenfoque.mx\/wp-content\/uploads\/2026\/09\/tecladista-de-camilo-septimo-300x169.jpg 300w\" sizes=\"auto, (max-width: 643px) 100vw, 643px\" \/><\/a> \r\n\t\t\t\t\t                       \t\t<div class=\"cate-home\"> \r\n\t\t\t\t\t\t\t\t\t\t\t\t\t<span class=\"category\"><\/span>    \r\n\t\t\t\t\t\t\t\t\t\t\t\t<\/div>\r\n\t\t\t\t\t                        <\/div>\r\n\t\t\t\t\t                        <div class=\"post-content\">\r\n\t\t\t\t\t                        \t\r\n\t\t\t\t\t\t\t\t\t\t\t\t<h3 class=\"big-title medium-font-size\"><a href=\"https:\/\/elotroenfoque.mx\/index.php\/2026\/09\/03\/pleito-entre-familias-causo-homicidio-del-tecladista-y-su-familia-sheinbaum\/\">Pleito entre familias caus\u00f3 homicidio del tecladista y su familia: Sheinbaum<\/a><\/h3>\r\n\t\t\t\t\t\t\t\t\t\t\t\t<div class=\"excerpt\">Un pleito entre familias fue el motivo del multihomicidio en Atizap\u00e1n donde fueron asesinados Jonathan Mel\u00e9ndez, tecladista de Camilo S\u00e9ptimo, su...<\/div>\r\n\t\t\t\t\t\t\t\t\t\t\t\t\r\n\t\t\t\t\t                        <\/div>\r\n\t\t\t\t                        <\/div>\r\n\t\t\t                        <\/div><div class=\"col-lg- col-md-6\">\r\n\t\t\t                    \t\t<div class=\"blog-inner-post\">\r\n\t\t\t\t\t                        <div class=\"post-img\">\r\n\t\t\t\t\t                       \t\t<a href=\"https:\/\/elotroenfoque.mx\/index.php\/2026\/09\/02\/fue-detenido-con-huevos-y-no-eran-para-el-desayuno\/\"><img loading=\"lazy\" decoding=\"async\" width=\"760\" height=\"400\" src=\"https:\/\/elotroenfoque.mx\/wp-content\/uploads\/2026\/09\/huevos-de-tortuga-ok-760x400.jpg\" class=\"attachment-darpan_blog_medium_small size-darpan_blog_medium_small wp-post-image\" alt=\"\" \/><\/a> \r\n\t\t\t\t\t                       \t\t<div class=\"cate-home\"> \r\n\t\t\t\t\t\t\t\t\t\t\t\t\t<span class=\"category\"><\/span>    \r\n\t\t\t\t\t\t\t\t\t\t\t\t<\/div>\r\n\t\t\t\t\t                        <\/div>\r\n\t\t\t\t\t                        <div class=\"post-content\">\r\n\t\t\t\t\t                        \t\r\n\t\t\t\t\t\t\t\t\t\t\t\t<h3 class=\"big-title medium-font-size\"><a href=\"https:\/\/elotroenfoque.mx\/index.php\/2026\/09\/02\/fue-detenido-con-huevos-y-no-eran-para-el-desayuno\/\">Fue detenido con huevos y no eran para el desayuno<\/a><\/h3>\r\n\t\t\t\t\t\t\t\t\t\t\t\t<div class=\"excerpt\">En Chiapas un cargamento bastante fuera de lo com\u00fan termin\u00f3 en manos de las autoridades: 1,800 huevos de tortuga que eran...<\/div>\r\n\t\t\t\t\t\t\t\t\t\t\t\t\r\n\t\t\t\t\t                        <\/div>\r\n\t\t\t\t                        <\/div>\r\n\t\t\t                        <\/div><div class=\"col-lg- col-md-6\">\r\n\t\t\t                    \t\t<div class=\"blog-inner-post\">\r\n\t\t\t\t\t                        <div class=\"post-img\">\r\n\t\t\t\t\t                       \t\t<a href=\"https:\/\/elotroenfoque.mx\/index.php\/2026\/09\/02\/preven-alza-a-la-cerveza-subiria-hasta-un-peso-por-pieza\/\"><img loading=\"lazy\" decoding=\"async\" width=\"478\" height=\"360\" src=\"https:\/\/elotroenfoque.mx\/wp-content\/uploads\/2026\/09\/subiran-de-precio-las-cervezas.jpg\" class=\"attachment-darpan_blog_medium_small size-darpan_blog_medium_small wp-post-image\" alt=\"\" srcset=\"https:\/\/elotroenfoque.mx\/wp-content\/uploads\/2026\/09\/subiran-de-precio-las-cervezas.jpg 478w, https:\/\/elotroenfoque.mx\/wp-content\/uploads\/2026\/09\/subiran-de-precio-las-cervezas-300x226.jpg 300w\" sizes=\"auto, (max-width: 478px) 100vw, 478px\" \/><\/a> \r\n\t\t\t\t\t                       \t\t<div class=\"cate-home\"> \r\n\t\t\t\t\t\t\t\t\t\t\t\t\t<span class=\"category\"><\/span>    \r\n\t\t\t\t\t\t\t\t\t\t\t\t<\/div>\r\n\t\t\t\t\t                        <\/div>\r\n\t\t\t\t\t                        <div class=\"post-content\">\r\n\t\t\t\t\t                        \t\r\n\t\t\t\t\t\t\t\t\t\t\t\t<h3 class=\"big-title medium-font-size\"><a href=\"https:\/\/elotroenfoque.mx\/index.php\/2026\/09\/02\/preven-alza-a-la-cerveza-subiria-hasta-un-peso-por-pieza\/\">Prev\u00e9n alza a la cerveza: subir\u00eda hasta un peso por pieza<\/a><\/h3>\r\n\t\t\t\t\t\t\t\t\t\t\t\t<div class=\"excerpt\">La Comisi\u00f3n de Hacienda de la C\u00e1mara de Diputados ratific\u00f3 la propuesta para incrementar el Impuesto Especial sobre Producci\u00f3n y Servicios...<\/div>\r\n\t\t\t\t\t\t\t\t\t\t\t\t\r\n\t\t\t\t\t                        <\/div>\r\n\t\t\t\t                        <\/div>\r\n\t\t\t                        <\/div><\/div>\r\n\t                    <\/div><\/div> <\/div>\r\n<\/div>[\/vc_column][vc_column width=&#8221;1\/3&#8243; css=&#8221;.vc_custom_1574156220146{padding-top: 0px !important;padding-bottom: 0px !important;}&#8221;][vc_raw_html css=&#8221;.vc_custom_1781291204911{background-color: #F7F7F7 !important;border-radius: 15px !important;}&#8221;]JTNDcCUyMHN0eWxlJTNEJTIydGV4dC1hbGlnbiUzQSUyMGNlbnRlciUzQiUyMGNvbG9yJTNBJTIwJTIzMmYyZjJmJTIwJTIxaW1wb3J0YW50JTNCJTIwZm9udC1zaXplJTNBJTIwOXB4JTNCJTIyJTNFUFVCTElDSURBRCUzQyUyRnAlM0UlMEElM0MlMjEtLSUyMCUyRjIyODY2NTMzOTEwJTJGYmFubmVyX2JveCUyMC0tJTNFJTBBJTNDZGl2JTIwc3R5bGUlM0QlMjJkaXNwbGF5JTNBZmxleCUzQiUyMGp1c3RpZnktY29udGVudCUzQWNlbnRlciUzQiUyMiUzRSUwQSUzQ2RpdiUyMGlkJTNEJTI3ZGl2LWdwdC1hZC0xNzgxMjgyMzk2MDg4LTAlMjclMjBzdHlsZSUzRCUyN21pbi13aWR0aCUzQSUyMDI3NXB4JTNCJTIwbWluLWhlaWdodCUzQSUyMDI3NXB4JTNCJTI3JTNFJTBBJTIwJTIwJTNDc2NyaXB0JTNFJTBBJTIwJTIwJTIwJTIwZ29vZ2xldGFnLmNtZC5wdXNoJTI4ZnVuY3Rpb24lMjglMjklMjAlN0IlMjBnb29nbGV0YWcuZGlzcGxheSUyOCUyN2Rpdi1ncHQtYWQtMTc4MTI4MjM5NjA4OC0wJTI3JTI5JTNCJTIwJTdEJTI5JTNCJTBBJTIwJTIwJTNDJTJGc2NyaXB0JTNFJTBBJTNDJTJGZGl2JTNFJTNDJTJGZGl2JTNF[\/vc_raw_html]<div class=\"rs-social-icon  \">\t\r\n  \t\t\t\t\t\r\n  \t\t\t\t\t\t<ul><li style=\"background:#3B5998\">\r\n\t\t\t\t\t  \t\t\t\t<a href=\"https:\/\/www.facebook.com\/ElOtroEnfoqueNoticias\"><i style=\"color:#FFFFFF; font-size:\" class=\"fa fa-brands fa-square-facebook\"><\/i>\r\n\t\t\t\t\t  \t\t\t\t<span style=\"color:#FFFFFF; font-size:\">Facebook<\/span>\r\n\t\t\t\t\t  \t\t\t\t<\/a>\r\n\t\t\t\t\t  \t\t\t<\/li><li style=\"background:#000000\">\r\n\t\t\t\t\t  \t\t\t\t<a href=\"https:\/\/x.com\/ElOtroEnfoque1\"><i style=\"color:#FFFFFF; font-size:\" class=\"fa fa-brands fa-square-x-twitter\"><\/i>\r\n\t\t\t\t\t  \t\t\t\t<span style=\"color:#FFFFFF; font-size:\">Twitter<\/span>\r\n\t\t\t\t\t  \t\t\t\t<\/a>\r\n\t\t\t\t\t  \t\t\t<\/li><\/ul>\r\n\t\t\t\t\t\r\n\t\t\t\t<\/div><div class=\"rs-social-icon  \">\t\r\n  \t\t\t\t\t\r\n  \t\t\t\t\t\t<ul><li style=\"background:#000000\">\r\n\t\t\t\t\t  \t\t\t\t<a href=\"https:\/\/www.tiktok.com\/@elotroenfoque\"><i style=\"color:#FFFFFF; font-size:\" class=\"fa fa-brands fa-tiktok\"><\/i>\r\n\t\t\t\t\t  \t\t\t\t<span style=\"color:#FFFFFF; font-size:\">Tiktok<\/span>\r\n\t\t\t\t\t  \t\t\t\t<\/a>\r\n\t\t\t\t\t  \t\t\t<\/li><li style=\"background:#C13584\">\r\n\t\t\t\t\t  \t\t\t\t<a href=\"https:\/\/www.instagram.com\/elotroenfoquegto\"><i style=\"color:#FFFFFF; font-size:\" class=\"fa fa-brands fa-instagram\"><\/i>\r\n\t\t\t\t\t  \t\t\t\t<span style=\"color:#FFFFFF; font-size:\">Instagram<\/span>\r\n\t\t\t\t\t  \t\t\t\t<\/a>\r\n\t\t\t\t\t  \t\t\t<\/li><\/ul>\r\n\t\t\t\t\t\r\n\t\t\t\t<\/div>[vc_empty_space height=&#8221;10px&#8221;]<div class=\"rs-header-title header-center  vc_custom_1778971675231 \">         \r\n        \t\t<h3 class=\"title\" style=\"color: #FFFFFF\">PORTADA<\/h3><\/div>[vc_single_image image=&#8221;195505&#8243; img_size=&#8221;large&#8221; alignment=&#8221;center&#8221; css=&#8221;&#8221;][vc_raw_html css=&#8221;.vc_custom_1778972861630{padding-bottom: 15px !important;background-color: #F7F7F7 !important;border-radius: 10px !important;}&#8221;]JTNDcCUyMHN0eWxlJTNEJTIydGV4dC1hbGlnbiUzQSUyMGNlbnRlciUzQiUyMGNvbG9yJTNBJTIwJTIzMmYyZjJmJTIwJTIxaW1wb3J0YW50JTNCJTIwZm9udC1zaXplJTNBJTIwOXB4JTNCJTIyJTNFUFVCTElDSURBRCUzQyUyRnAlM0UlMEQlMEElM0MlMjEtLSUyMCUyRjIyODY2NTMzOTEwJTJGYmFubmVyLWJveCUyMC0tJTNFJTBEJTBBJTNDZGl2JTIwc3R5bGUlM0QlMjJkaXNwbGF5JTNBZmxleCUzQiUyMGp1c3RpZnktY29udGVudCUzQWNlbnRlciUzQiUyMiUzRSUzQ2RpdiUyMGlkJTNEJTI3ZGl2LWdwdC1hZC0xNzUxMzk1OTM1NjA1LTAlMjclMjBzdHlsZSUzRCUyN21pbi13aWR0aCUzQSUyMDMwMHB4JTNCJTIwbWluLWhlaWdodCUzQSUyMDYwMHB4JTNCJTI3JTNFJTBEJTBBJTIwJTIwJTNDc2NyaXB0JTNFJTBEJTBBJTIwJTIwJTIwJTIwZ29vZ2xldGFnLmNtZC5wdXNoJTI4ZnVuY3Rpb24lMjglMjklMjAlN0IlMjBnb29nbGV0YWcuZGlzcGxheSUyOCUyN2Rpdi1ncHQtYWQtMTc1MTM5NTkzNTYwNS0wJTI3JTI5JTNCJTIwJTdEJTI5JTNCJTBEJTBBJTIwJTIwJTNDJTJGc2NyaXB0JTNFJTBEJTBBJTNDJTJGZGl2JTNFJTNDJTJGZGl2JTNF[\/vc_raw_html][vc_raw_html css=&#8221;.vc_custom_1778972874429{padding-bottom: 15px !important;background-color: #F7F7F7 !important;border-radius: 10px !important;}&#8221;]JTNDcCUyMHN0eWxlJTNEJTIydGV4dC1hbGlnbiUzQSUyMGNlbnRlciUzQiUyMGNvbG9yJTNBJTIwJTIzMmYyZjJmJTIwJTIxaW1wb3J0YW50JTNCJTIwZm9udC1zaXplJTNBJTIwOXB4JTNCJTIyJTNFUFVCTElDSURBRCUzQyUyRnAlM0UlMEQlMEElM0MlMjEtLSUyMCUyRjIyODY2NTMzOTEwJTJGYmFubmVyLWJveDIlMjAtLSUzRSUwRCUwQSUzQ2RpdiUyMHN0eWxlJTNEJTIyZGlzcGxheSUzQWZsZXglM0IlMjBqdXN0aWZ5LWNvbnRlbnQlM0FjZW50ZXIlM0IlMjIlM0UlM0NkaXYlMjBpZCUzRCUyN2Rpdi1ncHQtYWQtMTc3NjY0Nzc3OTY2Mi0wJTI3JTIwc3R5bGUlM0QlMjdtaW4td2lkdGglM0ElMjAzMDBweCUzQiUyMG1pbi1oZWlnaHQlM0ElMjA2MDBweCUzQiUyNyUzRSUwRCUwQSUyMCUyMCUzQ3NjcmlwdCUzRSUwRCUwQSUyMCUyMCUyMCUyMGdvb2dsZXRhZy5jbWQucHVzaCUyOGZ1bmN0aW9uJTI4JTI5JTIwJTdCJTIwZ29vZ2xldGFnLmRpc3BsYXklMjglMjdkaXYtZ3B0LWFkLTE3NzY2NDc3Nzk2NjItMCUyNyUyOSUzQiUyMCU3RCUyOSUzQiUwRCUwQSUyMCUyMCUzQyUyRnNjcmlwdCUzRSUwRCUwQSUzQyUyRmRpdiUzRSUzQyUyRmRpdiUzRQ==[\/vc_raw_html][\/vc_column][\/vc_row][vc_row css=&#8221;.vc_custom_1574165544730{padding-top: 10px !important;padding-bottom: 22px !important;}&#8221;][vc_column]<div class=\"rs-header-title header-left  vc_custom_1781292444350 \">         \r\n        \t\t<h3 class=\"title\" style=\"color: #FFFFFF\">DESENFOQUES<\/h3><\/div>[vc_row_inner][vc_column_inner width=&#8221;2\/3&#8243;]<div class=\"rs-blog-grid rs-blog \">\r\n\t\t\t\t<div class=\"row\"><div class=\"blog-item col-lg-12 col-md-12 style1\">\r\n\t<div class=\"blog-img image-scale\">\r\n\t\t<a href=\"https:\/\/elotroenfoque.mx\/index.php\/2026\/09\/03\/aseguran-900-bebidas-alcoholicas-en-locales-clandestinos-en-ocampo-y-san-felipe\/\"><img loading=\"lazy\" decoding=\"async\" width=\"760\" height=\"395\" src=\"https:\/\/elotroenfoque.mx\/wp-content\/uploads\/2026\/09\/aseguran-bebidas-en-locales-clandestinos-1-760x395.jpeg\" class=\"attachment-darpan_blog_medium_rihgt size-darpan_blog_medium_rihgt wp-post-image\" alt=\"\" \/><\/a>\t \r\n\t<\/div>\r\n\t<div class=\"bottom-shadow2 no-thumb\">\r\n\t\t<div class=\"blog-meta\">\r\n\t\t\t\t\t\t\t\t  \t\t\t\t \t\r\n\t\t<\/div>\r\n\t\t<h2 class=\"blog-title\"  style=\"font-size: 20px !important;\"><a href=\"https:\/\/elotroenfoque.mx\/index.php\/2026\/09\/03\/aseguran-900-bebidas-alcoholicas-en-locales-clandestinos-en-ocampo-y-san-felipe\/\"> Aseguran 900 bebidas alcoh\u00f3licas en locales clandestinos en Ocampo y San Felipe <\/a><\/h2>\t\r\n\t\t<div class=\"blog-desc\">\r\n\t\t\t\t\t\t\tUn total de 900 unidades de bebidas con alto y bajo contenido alcoh\u00f3lico fueron aseguradas en dos establecimientos clandestinos durante un operativo de inspecci\u00f3n en los municipios de Ocampo y San Felipe. La intervenci\u00f3n fue realizada por el Servicio de Administraci\u00f3n Tributaria del Estado de Guanajuato (SATEG) en coordinaci\u00f3n con las Fuerzas de Seguridad P\u00fablica...\r\n\t\t\t\t\t\t<\/div>\r\n\t\t<div class=\"readmore\"><a href=\"https:\/\/elotroenfoque.mx\/index.php\/2026\/09\/03\/aseguran-900-bebidas-alcoholicas-en-locales-clandestinos-en-ocampo-y-san-felipe\/\">Read More<\/a><\/div>\r\n\t<\/div>\r\n<\/div><\/div><\/div>[\/vc_column_inner][vc_column_inner width=&#8221;1\/3&#8243;]<div class=\"rs-blog-grid rs-blog \">\r\n\t\t\t\t<div class=\"row\"><div class=\"blog-item col-lg-12 col-md-12 style1\">\r\n\t<div class=\"blog-img image-scale\">\r\n\t\t<a href=\"https:\/\/elotroenfoque.mx\/index.php\/2026\/09\/03\/detienen-a-hombre-con-26-dosis-de-cristal-en-guanajuato\/\"><img loading=\"lazy\" decoding=\"async\" width=\"760\" height=\"395\" src=\"https:\/\/elotroenfoque.mx\/wp-content\/uploads\/2026\/09\/cae-con-drogas-en-gto-760x395.jpeg\" class=\"attachment-darpan_blog_medium_rihgt size-darpan_blog_medium_rihgt wp-post-image\" alt=\"\" \/><\/a>\t \r\n\t<\/div>\r\n\t<div class=\"bottom-shadow2 no-thumb\">\r\n\t\t<div class=\"blog-meta\">\r\n\t\t\t\t\t\t\t\t  \t\t\t\t \t\r\n\t\t<\/div>\r\n\t\t<h3 class=\"blog-title\"  style=\"font-size: 20px !important;\"><a href=\"https:\/\/elotroenfoque.mx\/index.php\/2026\/09\/03\/detienen-a-hombre-con-26-dosis-de-cristal-en-guanajuato\/\"> Detienen a hombre con 26 dosis de cristal en Guanajuato <\/a><\/h3>\t\r\n\t\t\r\n\t\t\r\n\t<\/div>\r\n<\/div><div class=\"blog-item col-lg-12 col-md-12 style1\">\r\n\t<div class=\"blog-img image-scale\">\r\n\t\t<a href=\"https:\/\/elotroenfoque.mx\/index.php\/2026\/09\/03\/enganan-a-hombre-por-redes-sociales-para-secuestrarlo-en-san-miguel-de-allende\/\"><img loading=\"lazy\" decoding=\"async\" width=\"760\" height=\"395\" src=\"https:\/\/elotroenfoque.mx\/wp-content\/uploads\/2026\/09\/procesados-por-secuestro-enSMA-760x395.jpeg\" class=\"attachment-darpan_blog_medium_rihgt size-darpan_blog_medium_rihgt wp-post-image\" alt=\"\" \/><\/a>\t \r\n\t<\/div>\r\n\t<div class=\"bottom-shadow2 no-thumb\">\r\n\t\t<div class=\"blog-meta\">\r\n\t\t\t\t\t\t\t\t  \t\t\t\t \t\r\n\t\t<\/div>\r\n\t\t<h3 class=\"blog-title\"  style=\"font-size: 20px !important;\"><a href=\"https:\/\/elotroenfoque.mx\/index.php\/2026\/09\/03\/enganan-a-hombre-por-redes-sociales-para-secuestrarlo-en-san-miguel-de-allende\/\"> Enga\u00f1an a hombre por redes sociales para secuestrarlo en San Miguel de Allende <\/a><\/h3>\t\r\n\t\t\r\n\t\t\r\n\t<\/div>\r\n<\/div><\/div><\/div>[\/vc_column_inner][\/vc_row_inner]<div class=\"rs-blog-grid rs-blog \">\r\n\t\t\t\t<div class=\"row\"><div class=\"blog-item col-lg-4 col-md-12 style1\">\r\n\t<div class=\"blog-img image-scale\">\r\n\t\t<a href=\"https:\/\/elotroenfoque.mx\/index.php\/2026\/09\/03\/disparan-contra-vivienda-en-la-colonia-ejidal-de-celaya\/\"><img loading=\"lazy\" decoding=\"async\" width=\"760\" height=\"395\" src=\"https:\/\/elotroenfoque.mx\/wp-content\/uploads\/2026\/09\/balean-vivienda-en-celaya-4-760x395.jpeg\" class=\"attachment-darpan_blog_medium_rihgt size-darpan_blog_medium_rihgt wp-post-image\" alt=\"\" \/><\/a>\t \r\n\t<\/div>\r\n\t<div class=\"bottom-shadow2 no-thumb\">\r\n\t\t<div class=\"blog-meta\">\r\n\t\t\t\t\t\t\t\t  \t\t\t\t \t\r\n\t\t<\/div>\r\n\t\t<h3 class=\"blog-title\"  style=\"font-size: 20px !important;\"><a href=\"https:\/\/elotroenfoque.mx\/index.php\/2026\/09\/03\/disparan-contra-vivienda-en-la-colonia-ejidal-de-celaya\/\"> Disparan contra vivienda en la colonia Ejidal de Celaya <\/a><\/h3>\t\r\n\t\t<div class=\"blog-desc\">\r\n\t\t\t\t\t\t\tDa\u00f1os materiales en la fachada de una vivienda fue el saldo que causaron diversas detonaciones de arma de fuego que se...\r\n\t\t\t\t\t\t<\/div>\r\n\t\t\r\n\t<\/div>\r\n<\/div><div class=\"blog-item col-lg-4 col-md-12 style1\">\r\n\t<div class=\"blog-img image-scale\">\r\n\t\t<a href=\"https:\/\/elotroenfoque.mx\/index.php\/2026\/09\/03\/detienen-en-puebla-a-el-amarillo-lider-de-los-rusos-operaba-en-acapulco\/\"><img loading=\"lazy\" decoding=\"async\" width=\"760\" height=\"395\" src=\"https:\/\/elotroenfoque.mx\/wp-content\/uploads\/2026\/09\/t-760x395.jpg\" class=\"attachment-darpan_blog_medium_rihgt size-darpan_blog_medium_rihgt wp-post-image\" alt=\"Capturan a &quot;El Amarillo&quot;, operaba en Acapulco\" \/><\/a>\t \r\n\t<\/div>\r\n\t<div class=\"bottom-shadow2 no-thumb\">\r\n\t\t<div class=\"blog-meta\">\r\n\t\t\t\t\t\t\t\t  \t\t\t\t \t\r\n\t\t<\/div>\r\n\t\t<h3 class=\"blog-title\"  style=\"font-size: 20px !important;\"><a href=\"https:\/\/elotroenfoque.mx\/index.php\/2026\/09\/03\/detienen-en-puebla-a-el-amarillo-lider-de-los-rusos-operaba-en-acapulco\/\"> Detienen en Puebla a \u201cEl Amarillo\u201d, l\u00edder de \u201cLos Rusos\u201d; operaba en Acapulco <\/a><\/h3>\t\r\n\t\t<div class=\"blog-desc\">\r\n\t\t\t\t\t\t\tDerivado de trabajos de inteligencia e investigaci\u00f3n, autoridades federales y estatales detuvieron en Lomas de Angel\u00f3polis, Puebla, a Gov\u00e9n Ulisses N.,...\r\n\t\t\t\t\t\t<\/div>\r\n\t\t\r\n\t<\/div>\r\n<\/div><div class=\"blog-item col-lg-4 col-md-12 style1\">\r\n\t<div class=\"blog-img image-scale\">\r\n\t\t<a href=\"https:\/\/elotroenfoque.mx\/index.php\/2026\/09\/02\/en-ataque-armado-mueren-dos-mujeres-y-un-hombre-en-san-francisco-del-rincon\/\"><img loading=\"lazy\" decoding=\"async\" width=\"760\" height=\"395\" src=\"https:\/\/elotroenfoque.mx\/wp-content\/uploads\/2026\/09\/noche-760x395.jpg\" class=\"attachment-darpan_blog_medium_rihgt size-darpan_blog_medium_rihgt wp-post-image\" alt=\"Ataque armado en San Francisco cobra tres vidas\" \/><\/a>\t \r\n\t<\/div>\r\n\t<div class=\"bottom-shadow2 no-thumb\">\r\n\t\t<div class=\"blog-meta\">\r\n\t\t\t\t\t\t\t\t  \t\t\t\t \t\r\n\t\t<\/div>\r\n\t\t<h3 class=\"blog-title\"  style=\"font-size: 20px !important;\"><a href=\"https:\/\/elotroenfoque.mx\/index.php\/2026\/09\/02\/en-ataque-armado-mueren-dos-mujeres-y-un-hombre-en-san-francisco-del-rincon\/\"> En ataque armado mueren dos mujeres y un hombre en San Francisco del Rinc\u00f3n <\/a><\/h3>\t\r\n\t\t<div class=\"blog-desc\">\r\n\t\t\t\t\t\t\tDos mujeres y un hombre perdieron la vida durante un ataque armado registrado la noche de este mi\u00e9rcoles en la colonia...\r\n\t\t\t\t\t\t<\/div>\r\n\t\t\r\n\t<\/div>\r\n<\/div><\/div><\/div>[\/vc_column][\/vc_row][vc_row][vc_column offset=&#8221;vc_hidden-lg vc_hidden-md vc_hidden-sm&#8221;][vc_raw_html css=&#8221;.vc_custom_1781292536443{background-color: #F7F7F7 !important;border-radius: 15px !important;}&#8221;]JTNDcCUyMHN0eWxlJTNEJTIydGV4dC1hbGlnbiUzQSUyMGNlbnRlciUzQiUyMGNvbG9yJTNBJTIwJTIzMmYyZjJmJTIwJTIxaW1wb3J0YW50JTNCJTIwZm9udC1zaXplJTNBJTIwOXB4JTNCJTIyJTNFUFVCTElDSURBRCUzQyUyRnAlM0UlMEElM0MlMjEtLSUyMCUyRjIyODY2NTMzOTEwJTJGYmFubmVyX2JveCUyMC0tJTNFJTBBJTNDZGl2JTIwc3R5bGUlM0QlMjJkaXNwbGF5JTNBZmxleCUzQiUyMGp1c3RpZnktY29udGVudCUzQWNlbnRlciUzQiUyMiUzRSUwQSUzQ2RpdiUyMGlkJTNEJTI3ZGl2LWdwdC1hZC0xNzgxMjgyMzk2MDg4LTAlMjclMjBzdHlsZSUzRCUyN21pbi13aWR0aCUzQSUyMDI3NXB4JTNCJTIwbWluLWhlaWdodCUzQSUyMDI3NXB4JTNCJTI3JTNFJTBBJTIwJTIwJTNDc2NyaXB0JTNFJTBBJTIwJTIwJTIwJTIwZ29vZ2xldGFnLmNtZC5wdXNoJTI4ZnVuY3Rpb24lMjglMjklMjAlN0IlMjBnb29nbGV0YWcuZGlzcGxheSUyOCUyN2Rpdi1ncHQtYWQtMTc4MTI4MjM5NjA4OC0wJTI3JTI5JTNCJTIwJTdEJTI5JTNCJTBBJTIwJTIwJTNDJTJGc2NyaXB0JTNFJTBBJTNDJTJGZGl2JTNFJTNDJTJGZGl2JTNF[\/vc_raw_html][\/vc_column][\/vc_row][vc_row][vc_column]<div class=\"rs-header-title header-left  vc_custom_1783971721470 \">         \r\n        \t\t<h3 class=\"title\" style=\"color: #FFFFFF\">EN LAS REDES<\/h3><\/div><div  class=\"rs-news-tab rs-news-horizental-slider3 rs-news-vertical-slider \"><div class=\"title_bar\">\r\n\t    \t\t<\/div><div class=\"full-gird-list\">\r\n\t\t\t\t\t<div class=\"row\"><div class=\"col-lg-12 tab-top-content\">\r\n\t\t\t\t                <div class=\"row\"><div class=\"col-lg-6 col-md-6\">\r\n\t\t\t                    \t\t<div class=\"blog-inner-post\">\r\n\t\t\t\t\t                        <div class=\"post-img\">\r\n\t\t\t\t\t                       \t\t<a href=\"https:\/\/elotroenfoque.mx\/index.php\/2026\/09\/03\/pareja-se-caso-en-iglesia-inundada-por-lluvias-en-filipinas\/\"><img loading=\"lazy\" decoding=\"async\" width=\"760\" height=\"400\" src=\"https:\/\/elotroenfoque.mx\/wp-content\/uploads\/2026\/09\/fili8-760x400.jpg\" class=\"attachment-darpan_blog_medium_small size-darpan_blog_medium_small wp-post-image\" alt=\"Se casa en iglesia inundada por lluvias en Filipinas\" \/><\/a> \r\n\t\t\t\t\t                       \t\t<div class=\"cate-home\"> \r\n\t\t\t\t\t\t\t\t\t\t\t\t\t<span class=\"category\"><\/span>    \r\n\t\t\t\t\t\t\t\t\t\t\t\t<\/div>\r\n\t\t\t\t\t                        <\/div>\r\n\t\t\t\t\t                        <div class=\"post-content\">\r\n\t\t\t\t\t                        \t\r\n\t\t\t\t\t\t\t\t\t\t\t\t<h3 class=\"big-title medium-font-size\"><a href=\"https:\/\/elotroenfoque.mx\/index.php\/2026\/09\/03\/pareja-se-caso-en-iglesia-inundada-por-lluvias-en-filipinas\/\">Pareja se cas\u00f3 en iglesia inundada por lluvias, en Filipinas<\/a><\/h3>\r\n\t\t\t\t\t\t\t\t\t\t\t\t<div class=\"excerpt\">Leian Lieza Galang y Gilbert Chico decidieron no posponer su boda y llegaron hasta el altar pese a que la iglesia...<\/div>\r\n\t\t\t\t\t\t\t\t\t\t\t\t\r\n\t\t\t\t\t                        <\/div>\r\n\t\t\t\t                        <\/div>\r\n\t\t\t                        <\/div><div class=\"col-lg-6 col-md-6\">\r\n\t\t\t                    \t\t<div class=\"blog-inner-post\">\r\n\t\t\t\t\t                        <div class=\"post-img\">\r\n\t\t\t\t\t                       \t\t<a href=\"https:\/\/elotroenfoque.mx\/index.php\/2026\/09\/02\/asesinan-al-tecladista-del-grupo-camilo-septimo-y-a-su-familia\/\"><img loading=\"lazy\" decoding=\"async\" width=\"760\" height=\"400\" src=\"https:\/\/elotroenfoque.mx\/wp-content\/uploads\/2026\/09\/asesinan-a-tecladista-y-su-familia-760x400.jpg\" class=\"attachment-darpan_blog_medium_small size-darpan_blog_medium_small wp-post-image\" alt=\"\" \/><\/a> \r\n\t\t\t\t\t                       \t\t<div class=\"cate-home\"> \r\n\t\t\t\t\t\t\t\t\t\t\t\t\t<span class=\"category\"><\/span>    \r\n\t\t\t\t\t\t\t\t\t\t\t\t<\/div>\r\n\t\t\t\t\t                        <\/div>\r\n\t\t\t\t\t                        <div class=\"post-content\">\r\n\t\t\t\t\t                        \t\r\n\t\t\t\t\t\t\t\t\t\t\t\t<h3 class=\"big-title medium-font-size\"><a href=\"https:\/\/elotroenfoque.mx\/index.php\/2026\/09\/02\/asesinan-al-tecladista-del-grupo-camilo-septimo-y-a-su-familia\/\">Asesinan al tecladista del grupo Camilo S\u00e9ptimo y a su familia<\/a><\/h3>\r\n\t\t\t\t\t\t\t\t\t\t\t\t<div class=\"excerpt\">El m\u00fasico Jonathan Samuel, tecladista de la agrupaci\u00f3n mexicana Camilo S\u00e9ptimo, fue hallado sin vida junto a tres integrantes de su...<\/div>\r\n\t\t\t\t\t\t\t\t\t\t\t\t\r\n\t\t\t\t\t                        <\/div>\r\n\t\t\t\t                        <\/div>\r\n\t\t\t                        <\/div><div class=\"col-lg-6 col-md-6\">\r\n\t\t\t                    \t\t<div class=\"blog-inner-post\">\r\n\t\t\t\t\t                        <div class=\"post-img\">\r\n\t\t\t\t\t                       \t\t<a href=\"https:\/\/elotroenfoque.mx\/index.php\/2026\/08\/29\/feliz-dia-del-gamer-hoy-se-celebra-a-quienes-viven-entre-partidas-controles-y-aventuras\/\"><img loading=\"lazy\" decoding=\"async\" width=\"760\" height=\"400\" src=\"https:\/\/elotroenfoque.mx\/wp-content\/uploads\/2026\/08\/gggg-760x400.jpg\" class=\"attachment-darpan_blog_medium_small size-darpan_blog_medium_small wp-post-image\" alt=\"D\u00eda Internacional del Gamer\" \/><\/a> \r\n\t\t\t\t\t                       \t\t<div class=\"cate-home\"> \r\n\t\t\t\t\t\t\t\t\t\t\t\t\t<span class=\"category\"><\/span>    \r\n\t\t\t\t\t\t\t\t\t\t\t\t<\/div>\r\n\t\t\t\t\t                        <\/div>\r\n\t\t\t\t\t                        <div class=\"post-content\">\r\n\t\t\t\t\t                        \t\r\n\t\t\t\t\t\t\t\t\t\t\t\t<h3 class=\"big-title medium-font-size\"><a href=\"https:\/\/elotroenfoque.mx\/index.php\/2026\/08\/29\/feliz-dia-del-gamer-hoy-se-celebra-a-quienes-viven-entre-partidas-controles-y-aventuras\/\">\u00a1Feliz D\u00eda del Gamer! Hoy se celebra a quienes viven entre partidas, controles y aventuras<\/a><\/h3>\r\n\t\t\t\t\t\t\t\t\t\t\t\t<div class=\"excerpt\">Este 29 de agosto se celebra el D\u00eda Internacional del Gamer, una fecha dedicada a quienes encuentran en los videojuegos una...<\/div>\r\n\t\t\t\t\t\t\t\t\t\t\t\t\r\n\t\t\t\t\t                        <\/div>\r\n\t\t\t\t                        <\/div>\r\n\t\t\t                        <\/div><div class=\"col-lg-6 col-md-6\">\r\n\t\t\t                    \t\t<div class=\"blog-inner-post\">\r\n\t\t\t\t\t                        <div class=\"post-img\">\r\n\t\t\t\t\t                       \t\t<a href=\"https:\/\/elotroenfoque.mx\/index.php\/2026\/08\/27\/tiktok-revive-el-legado-de-juan-gabriel-a-10-anos-de-su-muerte\/\"><img loading=\"lazy\" decoding=\"async\" width=\"646\" height=\"361\" src=\"https:\/\/elotroenfoque.mx\/wp-content\/uploads\/2026\/08\/tiktok-juan-gabriel-1.jpg\" class=\"attachment-darpan_blog_medium_small size-darpan_blog_medium_small wp-post-image\" alt=\"\" srcset=\"https:\/\/elotroenfoque.mx\/wp-content\/uploads\/2026\/08\/tiktok-juan-gabriel-1.jpg 646w, https:\/\/elotroenfoque.mx\/wp-content\/uploads\/2026\/08\/tiktok-juan-gabriel-1-300x168.jpg 300w\" sizes=\"auto, (max-width: 646px) 100vw, 646px\" \/><\/a> \r\n\t\t\t\t\t                       \t\t<div class=\"cate-home\"> \r\n\t\t\t\t\t\t\t\t\t\t\t\t\t<span class=\"category\"><\/span>    \r\n\t\t\t\t\t\t\t\t\t\t\t\t<\/div>\r\n\t\t\t\t\t                        <\/div>\r\n\t\t\t\t\t                        <div class=\"post-content\">\r\n\t\t\t\t\t                        \t\r\n\t\t\t\t\t\t\t\t\t\t\t\t<h3 class=\"big-title medium-font-size\"><a href=\"https:\/\/elotroenfoque.mx\/index.php\/2026\/08\/27\/tiktok-revive-el-legado-de-juan-gabriel-a-10-anos-de-su-muerte\/\">TikTok revive el legado de Juan Gabriel a 10 a\u00f1os de su muerte<\/a><\/h3>\r\n\t\t\t\t\t\t\t\t\t\t\t\t<div class=\"excerpt\">TikTok se convertir\u00e1 en uno de los principales espacios para recordar a Juan Gabriel a diez a\u00f1os de su muerte. La...<\/div>\r\n\t\t\t\t\t\t\t\t\t\t\t\t\r\n\t\t\t\t\t                        <\/div>\r\n\t\t\t\t                        <\/div>\r\n\t\t\t                        <\/div><\/div>\r\n\t                    <\/div><\/div> <\/div>\r\n<\/div>[\/vc_column][\/vc_row][vc_row][vc_column]<div class=\"rs-header-title header-left  vc_custom_1781292132407 \">         \r\n        \t\t<h3 class=\"title\" style=\"color: #FFFFFF\">COLUMNISTAS<\/h3><\/div><div  class=\"rs-news-tab rs-news-horizental-slider3 rs-news-vertical-slider \"><div class=\"title_bar\">\r\n\t    \t\t<\/div><div class=\"full-gird-list\">\r\n\t\t\t\t\t<div class=\"row\"><div class=\"col-lg-12 tab-top-content\">\r\n\t\t\t\t                <div class=\"row\"><div class=\"col-lg-4 col-md-6\">\r\n\t\t\t                    \t\t<div class=\"blog-inner-post\">\r\n\t\t\t\t\t                        <div class=\"post-img\">\r\n\t\t\t\t\t                       \t\t<a href=\"https:\/\/elotroenfoque.mx\/index.php\/2026\/08\/14\/la-oposicion-de-los-millones\/\"><img loading=\"lazy\" decoding=\"async\" width=\"760\" height=\"400\" src=\"https:\/\/elotroenfoque.mx\/wp-content\/uploads\/2026\/07\/columna-alfonso-760x400.jpeg\" class=\"attachment-darpan_blog_medium_small size-darpan_blog_medium_small wp-post-image\" alt=\"\" \/><\/a> \r\n\t\t\t\t\t                       \t\t<div class=\"cate-home\"> \r\n\t\t\t\t\t\t\t\t\t\t\t\t\t<span class=\"category\"><\/span>    \r\n\t\t\t\t\t\t\t\t\t\t\t\t<\/div>\r\n\t\t\t\t\t                        <\/div>\r\n\t\t\t\t\t                        <div class=\"post-content\">\r\n\t\t\t\t\t                        \t\r\n\t\t\t\t\t\t\t\t\t\t\t\t<h3 class=\"big-title medium-font-size\"><a href=\"https:\/\/elotroenfoque.mx\/index.php\/2026\/08\/14\/la-oposicion-de-los-millones\/\">La oposici\u00f3n de los millones<\/a><\/h3>\r\n\t\t\t\t\t\t\t\t\t\t\t\t<div class=\"excerpt\">El secretario de gobierno, Jorge Jim\u00e9nez Lona, puso el dedo en una herida inc\u00f3moda: asegura que el desarrollo de Silao pierde...<\/div>\r\n\t\t\t\t\t\t\t\t\t\t\t\t\r\n\t\t\t\t\t                        <\/div>\r\n\t\t\t\t                        <\/div>\r\n\t\t\t                        <\/div><div class=\"col-lg-4 col-md-6\">\r\n\t\t\t                    \t\t<div class=\"blog-inner-post\">\r\n\t\t\t\t\t                        <div class=\"post-img\">\r\n\t\t\t\t\t                       \t\t<a href=\"https:\/\/elotroenfoque.mx\/index.php\/2026\/08\/12\/pan-silao-limpiar-el-mugrero\/\"><img loading=\"lazy\" decoding=\"async\" width=\"760\" height=\"400\" src=\"https:\/\/elotroenfoque.mx\/wp-content\/uploads\/2026\/07\/columna-alfonso-760x400.jpeg\" class=\"attachment-darpan_blog_medium_small size-darpan_blog_medium_small wp-post-image\" alt=\"\" \/><\/a> \r\n\t\t\t\t\t                       \t\t<div class=\"cate-home\"> \r\n\t\t\t\t\t\t\t\t\t\t\t\t\t<span class=\"category\"><\/span>    \r\n\t\t\t\t\t\t\t\t\t\t\t\t<\/div>\r\n\t\t\t\t\t                        <\/div>\r\n\t\t\t\t\t                        <div class=\"post-content\">\r\n\t\t\t\t\t                        \t\r\n\t\t\t\t\t\t\t\t\t\t\t\t<h3 class=\"big-title medium-font-size\"><a href=\"https:\/\/elotroenfoque.mx\/index.php\/2026\/08\/12\/pan-silao-limpiar-el-mugrero\/\">PAN Silao: limpiar el mugrero<\/a><\/h3>\r\n\t\t\t\t\t\t\t\t\t\t\t\t<div class=\"excerpt\">Ismael Z\u00fa\u00f1iga, delegado del PAN en funci\u00f3n de dirigente, lleg\u00f3 a Silao con una escoba que debi\u00f3 aparecer hace veinte a\u00f1os,...<\/div>\r\n\t\t\t\t\t\t\t\t\t\t\t\t\r\n\t\t\t\t\t                        <\/div>\r\n\t\t\t\t                        <\/div>\r\n\t\t\t                        <\/div><div class=\"col-lg-4 col-md-6\">\r\n\t\t\t                    \t\t<div class=\"blog-inner-post\">\r\n\t\t\t\t\t                        <div class=\"post-img\">\r\n\t\t\t\t\t                       \t\t<a href=\"https:\/\/elotroenfoque.mx\/index.php\/2026\/08\/11\/la-bonanza-de-eli-monreal-un-voto-que-ahora-vale-oro\/\"><img loading=\"lazy\" decoding=\"async\" width=\"760\" height=\"400\" src=\"https:\/\/elotroenfoque.mx\/wp-content\/uploads\/2026\/07\/columna-alfonso-760x400.jpeg\" class=\"attachment-darpan_blog_medium_small size-darpan_blog_medium_small wp-post-image\" alt=\"\" \/><\/a> \r\n\t\t\t\t\t                       \t\t<div class=\"cate-home\"> \r\n\t\t\t\t\t\t\t\t\t\t\t\t\t<span class=\"category\"><\/span>    \r\n\t\t\t\t\t\t\t\t\t\t\t\t<\/div>\r\n\t\t\t\t\t                        <\/div>\r\n\t\t\t\t\t                        <div class=\"post-content\">\r\n\t\t\t\t\t                        \t\r\n\t\t\t\t\t\t\t\t\t\t\t\t<h3 class=\"big-title medium-font-size\"><a href=\"https:\/\/elotroenfoque.mx\/index.php\/2026\/08\/11\/la-bonanza-de-eli-monreal-un-voto-que-ahora-vale-oro\/\">La bonanza de Eli Monreal: un voto que ahora vale oro<\/a><\/h3>\r\n\t\t\t\t\t\t\t\t\t\t\t\t<div class=\"excerpt\">La renuncia de Mar\u00eda Elizabeth Monreal Reyes a Morena no es un simple cambio de partido. Su salida mueve las piezas...<\/div>\r\n\t\t\t\t\t\t\t\t\t\t\t\t\r\n\t\t\t\t\t                        <\/div>\r\n\t\t\t\t                        <\/div>\r\n\t\t\t                        <\/div><\/div>\r\n\t                    <\/div><\/div> <\/div>\r\n<\/div>[\/vc_column][\/vc_row]<\/p>\n<\/div>","protected":false},"excerpt":{"rendered":"<p>[vc_row full_width=&#8221;stretch_row&#8221; css=&#8221;.vc_custom_1574248423023{padding-top: 0px !important;padding-bottom: 20px !important;}&#8221; el_class=&#8221;home3-top ipad-fullwidth&#8221;][vc_column css=&#8221;.vc_custom_1781281859831{padding-right: 2px !important;padding-left: 2px !important;}&#8221; el_class=&#8221;ipadc-plr15 ipadc-pt0&#8243; offset=&#8221;vc_hidden-sm vc_hidden-xs&#8221;][vc_raw_html css=&#8221;.vc_custom_1781281922871{padding-bottom: 15px !important;background-color: #F7F7F7 !important;border-radius: 15px !important;}&#8221;]JTNDJTIxLS0lMjAlMkYyMjg2NjUzMzkxMCUyRmhvbWUtOTcweDI1MCUyMC0tJTNFJTBBJTNDcCUyMHN0eWxlJTNEJTIydGV4dC1hbGlnbiUzQSUyMGNlbnRlciUzQiUyMGNvbG9yJTNBJTIwJTIzMmYyZjJmJTIwJTIxaW1wb3J0YW50JTNCJTIwZm9udC1zaXplJTNBJTIwOXB4JTNCJTIyJTNFUFVCTElDSURBRCUzQyUyRnAlM0UlMEElM0NkaXYlMjBzdHlsZSUzRCUyMmRpc3BsYXklM0FmbGV4JTNCJTIwanVzdGlmeS1jb250ZW50JTNBY2VudGVyJTNCJTIyJTNFJTBBJTIwJTIwJTIwJTIwJTNDZGl2JTIwaWQlM0QlMjdkaXYtZ3B0LWFkLTE3NTEzOTU0ODU1NjQtMCUyNyUyMHN0eWxlJTNEJTI3bWluLXdpZHRoJTNBJTIwOTcwcHglM0IlMjBtaW4taGVpZ2h0JTNBJTIwOTBweCUzQiUyNyUzRSUwQSUyMCUyMCUzQ3NjcmlwdCUzRSUwQSUyMCUyMCUyMCUyMGdvb2dsZXRhZy5jbWQucHVzaCUyOGZ1bmN0aW9uJTI4JTI5JTIwJTdCJTIwZ29vZ2xldGFnLmRpc3BsYXklMjglMjdkaXYtZ3B0LWFkLTE3NTEzOTU0ODU1NjQtMCUyNyUyOSUzQiUyMCU3RCUyOSUzQiUwQSUyMCUyMCUzQyUyRnNjcmlwdCUzRSUwQSUzQyUyRmRpdiUzRSUzQyUyRmRpdiUzRQ==[\/vc_raw_html][\/vc_column][\/vc_row][vc_row][vc_column offset=&#8221;vc_hidden-lg vc_hidden-md vc_hidden-sm&#8221;][vc_raw_html css=&#8221;.vc_custom_1781297293283{background-color: #F7F7F7 !important;border-radius: 15px !important;}&#8221;]JTNDcCUyMHN0eWxlJTNEJTIydGV4dC1hbGlnbiUzQSUyMGNlbnRlciUzQiUyMGNvbG9yJTNBJTIwJTIzMmYyZjJmJTIwJTIxaW1wb3J0YW50JTNCJTIwZm9udC1zaXplJTNBJTIwOXB4JTNCJTIyJTNFUFVCTElDSURBRCUzQyUyRnAlM0UlMEElM0NkaXYlMjBzdHlsZSUzRCUyMmRpc3BsYXklM0FmbGV4JTNCJTIwanVzdGlmeS1jb250ZW50JTNBY2VudGVyJTNCJTIyJTNFJTBBJTNDJTIxLS0lMjAlMkYyMjg2NjUzMzkxMCUyRkVMT1RST0VORk9RVUVNT1ZJTDElMjAtLSUzRSUwQSUzQ2RpdiUyMGlkJTNEJTI3ZGl2LWdwdC1hZC0xNzgxMjk3MjY3ODk1LTAlMjclMjBzdHlsZSUzRCUyN21pbi13aWR0aCUzQSUyMDMwMHB4JTNCJTIwbWluLWhlaWdodCUzQSUyMDEwMHB4JTNCJTI3JTNFJTBBJTIwJTIwJTNDc2NyaXB0JTNFJTBBJTIwJTIwJTIwJTIwZ29vZ2xldGFnLmNtZC5wdXNoJTI4ZnVuY3Rpb24lMjglMjklMjAlN0IlMjBnb29nbGV0YWcuZGlzcGxheSUyOCUyN2Rpdi1ncHQtYWQtMTc4MTI5NzI2Nzg5NS0wJTI3JTI5JTNCJTIwJTdEJTI5JTNCJTBBJTIwJTIwJTNDJTJGc2NyaXB0JTNFJTBBJTNDJTJGZGl2JTNFJTBBJTNDJTJGZGl2JTNFJTIwJTIwJTIw[\/vc_raw_html][\/vc_column][\/vc_row][vc_row][vc_column width=&#8221;1\/2&#8243;][\/vc_column][vc_column width=&#8221;1\/2&#8243;][\/vc_column][\/vc_row][vc_row][vc_column offset=&#8221;vc_hidden-sm vc_hidden-xs&#8221;][vc_raw_html css=&#8221;.vc_custom_1778972527919{padding-bottom: 15px !important;background-color: #F7F7F7 !important;background-position: center !important;background-repeat: no-repeat !important;background-size: cover !important;border-radius: 15px !important;}&#8221;]JTNDcCUyMHN0eWxlJTNEJTIydGV4dC1hbGlnbiUzQSUyMGNlbnRlciUzQiUyMGNvbG9yJTNBJTIwJTIzMmYyZjJmJTIwJTIxaW1wb3J0YW50JTNCJTIwZm9udC1zaXplJTNBJTIwOXB4JTNCJTIyJTNFUFVCTElDSURBRCUzQyUyRnAlM0UlMEQlMEElM0NkaXYlMjBzdHlsZSUzRCUyMmRpc3BsYXklM0FmbGV4JTNCJTIwanVzdGlmeS1jb250ZW50JTNBY2VudGVyJTNCJTIyJTNFJTBEJTBBJTNDJTIxLS0lMjAlMkYyMjg2NjUzMzkxMCUyRmJhbm5lcjkxMHgxMTAlMjAtLSUzRSUwRCUwQSUzQ2RpdiUyMGlkJTNEJTI3ZGl2LWdwdC1hZC0xNzc2Mjg3MDUwOTE0LTAlMjclMjBzdHlsZSUzRCUyN21pbi13aWR0aCUzQSUyMDkxMHB4JTNCJTIwbWluLWhlaWdodCUzQSUyMDExMHB4JTNCJTI3JTNFJTBEJTBBJTIwJTIwJTNDc2NyaXB0JTNFJTBEJTBBJTIwJTIwJTIwJTIwZ29vZ2xldGFnLmNtZC5wdXNoJTI4ZnVuY3Rpb24lMjglMjklMjAlN0IlMjBnb29nbGV0YWcuZGlzcGxheSUyOCUyN2Rpdi1ncHQtYWQtMTc3NjI4NzA1MDkxNC0wJTI3JTI5JTNCJTIwJTdEJTI5JTNCJTBEJTBBJTIwJTIwJTNDJTJGc2NyaXB0JTNFJTBEJTBBJTNDJTJGZGl2JTNFJTNDJTJGZGl2JTNF[\/vc_raw_html][\/vc_column][\/vc_row][vc_row][vc_column offset=&#8221;vc_hidden-lg vc_hidden-md vc_hidden-sm&#8221;][vc_raw_html css=&#8221;.vc_custom_1781297331219{background-color: #F7F7F7&#8230;<\/p>\n","protected":false},"author":1,"featured_media":0,"parent":0,"menu_order":0,"comment_status":"closed","ping_status":"closed","template":"","meta":{"footnotes":""},"class_list":["post-2972","page","type-page","status-publish","hentry"],"yoast_head":"<!-- This site is optimized with the Yoast SEO plugin v28.2 - https:\/\/yoast.com\/product\/yoast-seo-wordpress\/ -->\n<title>Home - El otro enfoque<\/title>\n<meta name=\"robots\" content=\"index, follow, max-snippet:-1, max-image-preview:large, max-video-preview:-1\" \/>\n<link rel=\"canonical\" href=\"https:\/\/elotroenfoque.mx\/\" \/>\n<meta property=\"og:locale\" content=\"es_MX\" \/>\n<meta property=\"og:type\" content=\"article\" \/>\n<meta property=\"og:title\" content=\"Home - El otro enfoque\" \/>\n<meta property=\"og:description\" content=\"[vc_row full_width=&#8221;stretch_row&#8221; css=&#8221;.vc_custom_1574248423023{padding-top: 0px !important;padding-bottom: 20px !important;}&#8221; el_class=&#8221;home3-top ipad-fullwidth&#8221;][vc_column css=&#8221;.vc_custom_1781281859831{padding-right: 2px !important;padding-left: 2px !important;}&#8221; el_class=&#8221;ipadc-plr15 ipadc-pt0&#8243; offset=&#8221;vc_hidden-sm vc_hidden-xs&#8221;][vc_raw_html css=&#8221;.vc_custom_1781281922871{padding-bottom: 15px !important;background-color: #F7F7F7 !important;border-radius: 15px !important;}&#8221;]JTNDJTIxLS0lMjAlMkYyMjg2NjUzMzkxMCUyRmhvbWUtOTcweDI1MCUyMC0tJTNFJTBBJTNDcCUyMHN0eWxlJTNEJTIydGV4dC1hbGlnbiUzQSUyMGNlbnRlciUzQiUyMGNvbG9yJTNBJTIwJTIzMmYyZjJmJTIwJTIxaW1wb3J0YW50JTNCJTIwZm9udC1zaXplJTNBJTIwOXB4JTNCJTIyJTNFUFVCTElDSURBRCUzQyUyRnAlM0UlMEElM0NkaXYlMjBzdHlsZSUzRCUyMmRpc3BsYXklM0FmbGV4JTNCJTIwanVzdGlmeS1jb250ZW50JTNBY2VudGVyJTNCJTIyJTNFJTBBJTIwJTIwJTIwJTIwJTNDZGl2JTIwaWQlM0QlMjdkaXYtZ3B0LWFkLTE3NTEzOTU0ODU1NjQtMCUyNyUyMHN0eWxlJTNEJTI3bWluLXdpZHRoJTNBJTIwOTcwcHglM0IlMjBtaW4taGVpZ2h0JTNBJTIwOTBweCUzQiUyNyUzRSUwQSUyMCUyMCUzQ3NjcmlwdCUzRSUwQSUyMCUyMCUyMCUyMGdvb2dsZXRhZy5jbWQucHVzaCUyOGZ1bmN0aW9uJTI4JTI5JTIwJTdCJTIwZ29vZ2xldGFnLmRpc3BsYXklMjglMjdkaXYtZ3B0LWFkLTE3NTEzOTU0ODU1NjQtMCUyNyUyOSUzQiUyMCU3RCUyOSUzQiUwQSUyMCUyMCUzQyUyRnNjcmlwdCUzRSUwQSUzQyUyRmRpdiUzRSUzQyUyRmRpdiUzRQ==[\/vc_raw_html][\/vc_column][\/vc_row][vc_row][vc_column offset=&#8221;vc_hidden-lg vc_hidden-md vc_hidden-sm&#8221;][vc_raw_html css=&#8221;.vc_custom_1781297293283{background-color: #F7F7F7 !important;border-radius: 15px !important;}&#8221;]JTNDcCUyMHN0eWxlJTNEJTIydGV4dC1hbGlnbiUzQSUyMGNlbnRlciUzQiUyMGNvbG9yJTNBJTIwJTIzMmYyZjJmJTIwJTIxaW1wb3J0YW50JTNCJTIwZm9udC1zaXplJTNBJTIwOXB4JTNCJTIyJTNFUFVCTElDSURBRCUzQyUyRnAlM0UlMEElM0NkaXYlMjBzdHlsZSUzRCUyMmRpc3BsYXklM0FmbGV4JTNCJTIwanVzdGlmeS1jb250ZW50JTNBY2VudGVyJTNCJTIyJTNFJTBBJTNDJTIxLS0lMjAlMkYyMjg2NjUzMzkxMCUyRkVMT1RST0VORk9RVUVNT1ZJTDElMjAtLSUzRSUwQSUzQ2RpdiUyMGlkJTNEJTI3ZGl2LWdwdC1hZC0xNzgxMjk3MjY3ODk1LTAlMjclMjBzdHlsZSUzRCUyN21pbi13aWR0aCUzQSUyMDMwMHB4JTNCJTIwbWluLWhlaWdodCUzQSUyMDEwMHB4JTNCJTI3JTNFJTBBJTIwJTIwJTNDc2NyaXB0JTNFJTBBJTIwJTIwJTIwJTIwZ29vZ2xldGFnLmNtZC5wdXNoJTI4ZnVuY3Rpb24lMjglMjklMjAlN0IlMjBnb29nbGV0YWcuZGlzcGxheSUyOCUyN2Rpdi1ncHQtYWQtMTc4MTI5NzI2Nzg5NS0wJTI3JTI5JTNCJTIwJTdEJTI5JTNCJTBBJTIwJTIwJTNDJTJGc2NyaXB0JTNFJTBBJTNDJTJGZGl2JTNFJTBBJTNDJTJGZGl2JTNFJTIwJTIwJTIw[\/vc_raw_html][\/vc_column][\/vc_row][vc_row][vc_column width=&#8221;1\/2&#8243;][\/vc_column][vc_column width=&#8221;1\/2&#8243;][\/vc_column][\/vc_row][vc_row][vc_column offset=&#8221;vc_hidden-sm vc_hidden-xs&#8221;][vc_raw_html css=&#8221;.vc_custom_1778972527919{padding-bottom: 15px !important;background-color: #F7F7F7 !important;background-position: center !important;background-repeat: no-repeat !important;background-size: cover !important;border-radius: 15px !important;}&#8221;]JTNDcCUyMHN0eWxlJTNEJTIydGV4dC1hbGlnbiUzQSUyMGNlbnRlciUzQiUyMGNvbG9yJTNBJTIwJTIzMmYyZjJmJTIwJTIxaW1wb3J0YW50JTNCJTIwZm9udC1zaXplJTNBJTIwOXB4JTNCJTIyJTNFUFVCTElDSURBRCUzQyUyRnAlM0UlMEQlMEElM0NkaXYlMjBzdHlsZSUzRCUyMmRpc3BsYXklM0FmbGV4JTNCJTIwanVzdGlmeS1jb250ZW50JTNBY2VudGVyJTNCJTIyJTNFJTBEJTBBJTNDJTIxLS0lMjAlMkYyMjg2NjUzMzkxMCUyRmJhbm5lcjkxMHgxMTAlMjAtLSUzRSUwRCUwQSUzQ2RpdiUyMGlkJTNEJTI3ZGl2LWdwdC1hZC0xNzc2Mjg3MDUwOTE0LTAlMjclMjBzdHlsZSUzRCUyN21pbi13aWR0aCUzQSUyMDkxMHB4JTNCJTIwbWluLWhlaWdodCUzQSUyMDExMHB4JTNCJTI3JTNFJTBEJTBBJTIwJTIwJTNDc2NyaXB0JTNFJTBEJTBBJTIwJTIwJTIwJTIwZ29vZ2xldGFnLmNtZC5wdXNoJTI4ZnVuY3Rpb24lMjglMjklMjAlN0IlMjBnb29nbGV0YWcuZGlzcGxheSUyOCUyN2Rpdi1ncHQtYWQtMTc3NjI4NzA1MDkxNC0wJTI3JTI5JTNCJTIwJTdEJTI5JTNCJTBEJTBBJTIwJTIwJTNDJTJGc2NyaXB0JTNFJTBEJTBBJTNDJTJGZGl2JTNFJTNDJTJGZGl2JTNF[\/vc_raw_html][\/vc_column][\/vc_row][vc_row][vc_column offset=&#8221;vc_hidden-lg vc_hidden-md vc_hidden-sm&#8221;][vc_raw_html css=&#8221;.vc_custom_1781297331219{background-color: #F7F7F7...\" \/>\n<meta property=\"og:url\" content=\"https:\/\/elotroenfoque.mx\/\" \/>\n<meta property=\"og:site_name\" content=\"El otro enfoque\" \/>\n<meta property=\"article:modified_time\" content=\"2026-09-03T12:55:51+00:00\" \/>\n<meta name=\"twitter:card\" content=\"summary_large_image\" \/>\n<meta name=\"twitter:label1\" content=\"Tiempo de lectura\" \/>\n\t<meta name=\"twitter:data1\" content=\"1 minuto\" \/>\n<script type=\"application\/ld+json\" class=\"yoast-schema-graph\">{\"@context\":\"https:\\\/\\\/schema.org\",\"@graph\":[{\"@type\":\"WebPage\",\"@id\":\"https:\\\/\\\/elotroenfoque.mx\\\/\",\"url\":\"https:\\\/\\\/elotroenfoque.mx\\\/\",\"name\":\"Home - El otro enfoque\",\"isPartOf\":{\"@id\":\"https:\\\/\\\/elotroenfoque.mx\\\/#website\"},\"datePublished\":\"2019-09-16T09:04:18+00:00\",\"dateModified\":\"2026-09-03T12:55:51+00:00\",\"breadcrumb\":{\"@id\":\"https:\\\/\\\/elotroenfoque.mx\\\/#breadcrumb\"},\"inLanguage\":\"es\",\"potentialAction\":[{\"@type\":\"ReadAction\",\"target\":[\"https:\\\/\\\/elotroenfoque.mx\\\/\"]}]},{\"@type\":\"BreadcrumbList\",\"@id\":\"https:\\\/\\\/elotroenfoque.mx\\\/#breadcrumb\",\"itemListElement\":[{\"@type\":\"ListItem\",\"position\":1,\"name\":\"Portada\",\"item\":\"https:\\\/\\\/elotroenfoque.mx\\\/\"},{\"@type\":\"ListItem\",\"position\":2,\"name\":\"Home\"}]},{\"@type\":\"WebSite\",\"@id\":\"https:\\\/\\\/elotroenfoque.mx\\\/#website\",\"url\":\"https:\\\/\\\/elotroenfoque.mx\\\/\",\"name\":\"El otro enfoque\",\"description\":\"\",\"potentialAction\":[{\"@type\":\"SearchAction\",\"target\":{\"@type\":\"EntryPoint\",\"urlTemplate\":\"https:\\\/\\\/elotroenfoque.mx\\\/?s={search_term_string}\"},\"query-input\":{\"@type\":\"PropertyValueSpecification\",\"valueRequired\":true,\"valueName\":\"search_term_string\"}}],\"inLanguage\":\"es\"}]}<\/script>\n<!-- \/ Yoast SEO plugin. -->","yoast_head_json":{"title":"Home - El otro enfoque","robots":{"index":"index","follow":"follow","max-snippet":"max-snippet:-1","max-image-preview":"max-image-preview:large","max-video-preview":"max-video-preview:-1"},"canonical":"https:\/\/elotroenfoque.mx\/","og_locale":"es_MX","og_type":"article","og_title":"Home - El otro enfoque","og_description":"[vc_row full_width=&#8221;stretch_row&#8221; css=&#8221;.vc_custom_1574248423023{padding-top: 0px !important;padding-bottom: 20px !important;}&#8221; el_class=&#8221;home3-top ipad-fullwidth&#8221;][vc_column css=&#8221;.vc_custom_1781281859831{padding-right: 2px !important;padding-left: 2px !important;}&#8221; el_class=&#8221;ipadc-plr15 ipadc-pt0&#8243; offset=&#8221;vc_hidden-sm vc_hidden-xs&#8221;][vc_raw_html css=&#8221;.vc_custom_1781281922871{padding-bottom: 15px !important;background-color: #F7F7F7 !important;border-radius: 15px !important;}&#8221;]JTNDJTIxLS0lMjAlMkYyMjg2NjUzMzkxMCUyRmhvbWUtOTcweDI1MCUyMC0tJTNFJTBBJTNDcCUyMHN0eWxlJTNEJTIydGV4dC1hbGlnbiUzQSUyMGNlbnRlciUzQiUyMGNvbG9yJTNBJTIwJTIzMmYyZjJmJTIwJTIxaW1wb3J0YW50JTNCJTIwZm9udC1zaXplJTNBJTIwOXB4JTNCJTIyJTNFUFVCTElDSURBRCUzQyUyRnAlM0UlMEElM0NkaXYlMjBzdHlsZSUzRCUyMmRpc3BsYXklM0FmbGV4JTNCJTIwanVzdGlmeS1jb250ZW50JTNBY2VudGVyJTNCJTIyJTNFJTBBJTIwJTIwJTIwJTIwJTNDZGl2JTIwaWQlM0QlMjdkaXYtZ3B0LWFkLTE3NTEzOTU0ODU1NjQtMCUyNyUyMHN0eWxlJTNEJTI3bWluLXdpZHRoJTNBJTIwOTcwcHglM0IlMjBtaW4taGVpZ2h0JTNBJTIwOTBweCUzQiUyNyUzRSUwQSUyMCUyMCUzQ3NjcmlwdCUzRSUwQSUyMCUyMCUyMCUyMGdvb2dsZXRhZy5jbWQucHVzaCUyOGZ1bmN0aW9uJTI4JTI5JTIwJTdCJTIwZ29vZ2xldGFnLmRpc3BsYXklMjglMjdkaXYtZ3B0LWFkLTE3NTEzOTU0ODU1NjQtMCUyNyUyOSUzQiUyMCU3RCUyOSUzQiUwQSUyMCUyMCUzQyUyRnNjcmlwdCUzRSUwQSUzQyUyRmRpdiUzRSUzQyUyRmRpdiUzRQ==[\/vc_raw_html][\/vc_column][\/vc_row][vc_row][vc_column offset=&#8221;vc_hidden-lg vc_hidden-md vc_hidden-sm&#8221;][vc_raw_html css=&#8221;.vc_custom_1781297293283{background-color: #F7F7F7 !important;border-radius: 15px !important;}&#8221;]JTNDcCUyMHN0eWxlJTNEJTIydGV4dC1hbGlnbiUzQSUyMGNlbnRlciUzQiUyMGNvbG9yJTNBJTIwJTIzMmYyZjJmJTIwJTIxaW1wb3J0YW50JTNCJTIwZm9udC1zaXplJTNBJTIwOXB4JTNCJTIyJTNFUFVCTElDSURBRCUzQyUyRnAlM0UlMEElM0NkaXYlMjBzdHlsZSUzRCUyMmRpc3BsYXklM0FmbGV4JTNCJTIwanVzdGlmeS1jb250ZW50JTNBY2VudGVyJTNCJTIyJTNFJTBBJTNDJTIxLS0lMjAlMkYyMjg2NjUzMzkxMCUyRkVMT1RST0VORk9RVUVNT1ZJTDElMjAtLSUzRSUwQSUzQ2RpdiUyMGlkJTNEJTI3ZGl2LWdwdC1hZC0xNzgxMjk3MjY3ODk1LTAlMjclMjBzdHlsZSUzRCUyN21pbi13aWR0aCUzQSUyMDMwMHB4JTNCJTIwbWluLWhlaWdodCUzQSUyMDEwMHB4JTNCJTI3JTNFJTBBJTIwJTIwJTNDc2NyaXB0JTNFJTBBJTIwJTIwJTIwJTIwZ29vZ2xldGFnLmNtZC5wdXNoJTI4ZnVuY3Rpb24lMjglMjklMjAlN0IlMjBnb29nbGV0YWcuZGlzcGxheSUyOCUyN2Rpdi1ncHQtYWQtMTc4MTI5NzI2Nzg5NS0wJTI3JTI5JTNCJTIwJTdEJTI5JTNCJTBBJTIwJTIwJTNDJTJGc2NyaXB0JTNFJTBBJTNDJTJGZGl2JTNFJTBBJTNDJTJGZGl2JTNFJTIwJTIwJTIw[\/vc_raw_html][\/vc_column][\/vc_row][vc_row][vc_column width=&#8221;1\/2&#8243;][\/vc_column][vc_column width=&#8221;1\/2&#8243;][\/vc_column][\/vc_row][vc_row][vc_column offset=&#8221;vc_hidden-sm vc_hidden-xs&#8221;][vc_raw_html css=&#8221;.vc_custom_1778972527919{padding-bottom: 15px !important;background-color: #F7F7F7 !important;background-position: center !important;background-repeat: no-repeat !important;background-size: cover !important;border-radius: 15px !important;}&#8221;]JTNDcCUyMHN0eWxlJTNEJTIydGV4dC1hbGlnbiUzQSUyMGNlbnRlciUzQiUyMGNvbG9yJTNBJTIwJTIzMmYyZjJmJTIwJTIxaW1wb3J0YW50JTNCJTIwZm9udC1zaXplJTNBJTIwOXB4JTNCJTIyJTNFUFVCTElDSURBRCUzQyUyRnAlM0UlMEQlMEElM0NkaXYlMjBzdHlsZSUzRCUyMmRpc3BsYXklM0FmbGV4JTNCJTIwanVzdGlmeS1jb250ZW50JTNBY2VudGVyJTNCJTIyJTNFJTBEJTBBJTNDJTIxLS0lMjAlMkYyMjg2NjUzMzkxMCUyRmJhbm5lcjkxMHgxMTAlMjAtLSUzRSUwRCUwQSUzQ2RpdiUyMGlkJTNEJTI3ZGl2LWdwdC1hZC0xNzc2Mjg3MDUwOTE0LTAlMjclMjBzdHlsZSUzRCUyN21pbi13aWR0aCUzQSUyMDkxMHB4JTNCJTIwbWluLWhlaWdodCUzQSUyMDExMHB4JTNCJTI3JTNFJTBEJTBBJTIwJTIwJTNDc2NyaXB0JTNFJTBEJTBBJTIwJTIwJTIwJTIwZ29vZ2xldGFnLmNtZC5wdXNoJTI4ZnVuY3Rpb24lMjglMjklMjAlN0IlMjBnb29nbGV0YWcuZGlzcGxheSUyOCUyN2Rpdi1ncHQtYWQtMTc3NjI4NzA1MDkxNC0wJTI3JTI5JTNCJTIwJTdEJTI5JTNCJTBEJTBBJTIwJTIwJTNDJTJGc2NyaXB0JTNFJTBEJTBBJTNDJTJGZGl2JTNFJTNDJTJGZGl2JTNF[\/vc_raw_html][\/vc_column][\/vc_row][vc_row][vc_column offset=&#8221;vc_hidden-lg vc_hidden-md vc_hidden-sm&#8221;][vc_raw_html css=&#8221;.vc_custom_1781297331219{background-color: #F7F7F7...","og_url":"https:\/\/elotroenfoque.mx\/","og_site_name":"El otro enfoque","article_modified_time":"2026-09-03T12:55:51+00:00","twitter_card":"summary_large_image","twitter_misc":{"Tiempo de lectura":"1 minuto"},"schema":{"@context":"https:\/\/schema.org","@graph":[{"@type":"WebPage","@id":"https:\/\/elotroenfoque.mx\/","url":"https:\/\/elotroenfoque.mx\/","name":"Home - El otro enfoque","isPartOf":{"@id":"https:\/\/elotroenfoque.mx\/#website"},"datePublished":"2019-09-16T09:04:18+00:00","dateModified":"2026-09-03T12:55:51+00:00","breadcrumb":{"@id":"https:\/\/elotroenfoque.mx\/#breadcrumb"},"inLanguage":"es","potentialAction":[{"@type":"ReadAction","target":["https:\/\/elotroenfoque.mx\/"]}]},{"@type":"BreadcrumbList","@id":"https:\/\/elotroenfoque.mx\/#breadcrumb","itemListElement":[{"@type":"ListItem","position":1,"name":"Portada","item":"https:\/\/elotroenfoque.mx\/"},{"@type":"ListItem","position":2,"name":"Home"}]},{"@type":"WebSite","@id":"https:\/\/elotroenfoque.mx\/#website","url":"https:\/\/elotroenfoque.mx\/","name":"El otro enfoque","description":"","potentialAction":[{"@type":"SearchAction","target":{"@type":"EntryPoint","urlTemplate":"https:\/\/elotroenfoque.mx\/?s={search_term_string}"},"query-input":{"@type":"PropertyValueSpecification","valueRequired":true,"valueName":"search_term_string"}}],"inLanguage":"es"}]}},"_links":{"self":[{"href":"https:\/\/elotroenfoque.mx\/index.php\/wp-json\/wp\/v2\/pages\/2972","targetHints":{"allow":["GET"]}}],"collection":[{"href":"https:\/\/elotroenfoque.mx\/index.php\/wp-json\/wp\/v2\/pages"}],"about":[{"href":"https:\/\/elotroenfoque.mx\/index.php\/wp-json\/wp\/v2\/types\/page"}],"author":[{"embeddable":true,"href":"https:\/\/elotroenfoque.mx\/index.php\/wp-json\/wp\/v2\/users\/1"}],"replies":[{"embeddable":true,"href":"https:\/\/elotroenfoque.mx\/index.php\/wp-json\/wp\/v2\/comments?post=2972"}],"version-history":[{"count":452,"href":"https:\/\/elotroenfoque.mx\/index.php\/wp-json\/wp\/v2\/pages\/2972\/revisions"}],"predecessor-version":[{"id":195509,"href":"https:\/\/elotroenfoque.mx\/index.php\/wp-json\/wp\/v2\/pages\/2972\/revisions\/195509"}],"wp:attachment":[{"href":"https:\/\/elotroenfoque.mx\/index.php\/wp-json\/wp\/v2\/media?parent=2972"}],"curies":[{"name":"wp","href":"https:\/\/api.w.org\/{rel}","templated":true}]}}